{"id":7356,"date":"2022-02-24T15:56:58","date_gmt":"2022-02-24T15:56:58","guid":{"rendered":"https:\/\/hotelcastellemporda.com\/alrededores\/triangulo-de-dali-y-pueblos-medievales\/"},"modified":"2022-06-05T09:08:11","modified_gmt":"2022-06-05T09:08:11","slug":"pobles-medivals-i-dali","status":"publish","type":"page","link":"https:\/\/hotelcastellemporda.com\/ca\/entorn\/pobles-medivals-i-dali\/","title":{"rendered":"Pobles Medivals i Da.Li"},"content":{"rendered":"\t\t<div data-elementor-type=\"wp-page\" data-elementor-id=\"7356\" class=\"elementor elementor-7356 elementor-7008\" data-elementor-post-type=\"page\">\n\t\t\t\t\t\t<section data-particle_enable=\"false\" data-particle-mobile-disabled=\"false\" class=\"elementor-section elementor-top-section elementor-element elementor-element-49f42bd3 elementor-section-height-min-height elementor-section-items-top ohm-templ-hero-image-slider elementor-section-boxed elementor-section-height-default\" data-id=\"49f42bd3\" data-element_type=\"section\" data-settings=\"{&quot;background_background&quot;:&quot;classic&quot;}\">\n\t\t\t\t\t\t\t<div class=\"elementor-background-overlay\"><\/div>\n\t\t\t\t\t\t\t<div class=\"elementor-container elementor-column-gap-default\">\n\t\t\t\t\t<div class=\"elementor-column elementor-col-100 elementor-top-column elementor-element elementor-element-159d7508\" data-id=\"159d7508\" data-element_type=\"column\">\n\t\t\t<div class=\"elementor-widget-wrap\">\n\t\t\t\t\t\t\t<\/div>\n\t\t<\/div>\n\t\t\t\t\t<\/div>\n\t\t<\/section>\n\t\t\t\t<section data-particle_enable=\"false\" data-particle-mobile-disabled=\"false\" class=\"elementor-section elementor-top-section elementor-element elementor-element-1aa82043 elementor-section-full_width ohm-templ-intro-section ohm-templ-intro-section-with-btns elementor-section-height-default elementor-section-height-default elementor-invisible\" data-id=\"1aa82043\" data-element_type=\"section\" data-settings=\"{&quot;animation&quot;:&quot;fadeIn&quot;,&quot;background_background&quot;:&quot;classic&quot;}\">\n\t\t\t\t\t\t<div class=\"elementor-container elementor-column-gap-default\">\n\t\t\t\t\t<div class=\"elementor-column elementor-col-100 elementor-top-column elementor-element elementor-element-495b6c3c\" data-id=\"495b6c3c\" data-element_type=\"column\">\n\t\t\t<div class=\"elementor-widget-wrap elementor-element-populated\">\n\t\t\t\t\t\t<section data-particle_enable=\"false\" data-particle-mobile-disabled=\"false\" class=\"elementor-section elementor-inner-section elementor-element elementor-element-54ef5fd6 elementor-section-boxed elementor-section-height-default elementor-section-height-default elementor-invisible\" data-id=\"54ef5fd6\" data-element_type=\"section\" data-settings=\"{&quot;animation&quot;:&quot;fadeIn&quot;,&quot;animation_delay&quot;:0.5}\">\n\t\t\t\t\t\t<div class=\"elementor-container elementor-column-gap-default\">\n\t\t\t\t\t<div class=\"elementor-column elementor-col-100 elementor-inner-column elementor-element elementor-element-61d35620\" data-id=\"61d35620\" data-element_type=\"column\">\n\t\t\t<div class=\"elementor-widget-wrap elementor-element-populated\">\n\t\t\t\t\t\t<div class=\"elementor-element elementor-element-1cdbfb53 ohm-heading elementor-widget elementor-widget-heading\" data-id=\"1cdbfb53\" data-element_type=\"widget\" data-widget_type=\"heading.default\">\n\t\t\t\t<div class=\"elementor-widget-container\">\n\t\t\t<h1 class=\"elementor-heading-title elementor-size-default\">El Triangle de Dali<\/h1>\t\t<\/div>\n\t\t\t\t<\/div>\n\t\t\t\t<div class=\"elementor-element elementor-element-53fbc216 ohm-text elementor-widget elementor-widget-text-editor\" data-id=\"53fbc216\" data-element_type=\"widget\" data-widget_type=\"text-editor.default\">\n\t\t\t\t<div class=\"elementor-widget-container\">\n\t\t\t\t\t\t\t<p><span data-sheets-value=\"{&quot;1&quot;:2,&quot;2&quot;:&quot;Es diu que l\u2019Empord\u00e0 \u00e9s el triangle daurat dalini\u00e0, ja que aquest territori acull tres dels m\u00e9s importants enclaus del geni surrealista. No gaire lluny de Castell d\u2019Empord\u00e0 hi ha:\\n\\n1. Teatre Museu Dal\u00ed Figueres. Tot el que hi ha t\u00e9 l\u2019empremta personal de l\u2019artista empordan\u00e8s; fins i tot els edificis adjacents estan decorats amb el seu estil, amb el toc final dels ous gegants.\\n\\n2. Casa Museu Castell Gala de P\u00fabol. \u00c9s el castell que Dal\u00ed va regalar a la seva esposa Gala. Serva intacte l\u2019esperit de la propiet\u00e0ria.\\n\\n3. Casa Museu Salvador Dal\u00ed de Cadaqu\u00e9s. \u00c9suna casa fascinant on Dal\u00ed va viure amb Gala. Us hi esperen animals dissecats, detalls de decoraci\u00f3 kitsch i sorpreses de tota mena.&quot;}\" data-sheets-userformat=\"{&quot;2&quot;:961,&quot;3&quot;:{&quot;1&quot;:0},&quot;9&quot;:0,&quot;10&quot;:1,&quot;11&quot;:4,&quot;12&quot;:0}\">Es diu que l\u2019Empord\u00e0 \u00e9s el triangle daurat dalini\u00e0, ja que aquest territori acull tres dels m\u00e9s importants enclaus del geni surrealista. No gaire lluny de Castell d\u2019Empord\u00e0 hi ha:<\/p>\n<p><strong>1. Teatre Museu Dal\u00ed Figueres.<\/strong><br \/>\nTot el que hi ha t\u00e9 l\u2019empremta personal de l\u2019artista empordan\u00e8s; fins i tot els edificis adjacents estan decorats amb el seu estil, amb el toc final dels ous gegants.<\/p>\n<p><strong>2. Casa Museu Castell Gala de P\u00fabol.<\/strong><br \/>\n<\/span><span data-sheets-value=\"{&quot;1&quot;:2,&quot;2&quot;:&quot;Es diu que l\u2019Empord\u00e0 \u00e9s el triangle daurat dalini\u00e0, ja que aquest territori acull tres dels m\u00e9s importants enclaus del geni surrealista. No gaire lluny de Castell d\u2019Empord\u00e0 hi ha:\\n\\n1. Teatre Museu Dal\u00ed Figueres. Tot el que hi ha t\u00e9 l\u2019empremta personal de l\u2019artista empordan\u00e8s; fins i tot els edificis adjacents estan decorats amb el seu estil, amb el toc final dels ous gegants.\\n\\n2. Casa Museu Castell Gala de P\u00fabol. \u00c9s el castell que Dal\u00ed va regalar a la seva esposa Gala. Serva intacte l\u2019esperit de la propiet\u00e0ria.\\n\\n3. Casa Museu Salvador Dal\u00ed de Cadaqu\u00e9s. \u00c9suna casa fascinant on Dal\u00ed va viure amb Gala. Us hi esperen animals dissecats, detalls de decoraci\u00f3 kitsch i sorpreses de tota mena.&quot;}\" data-sheets-userformat=\"{&quot;2&quot;:961,&quot;3&quot;:{&quot;1&quot;:0},&quot;9&quot;:0,&quot;10&quot;:1,&quot;11&quot;:4,&quot;12&quot;:0}\">\u00c9s el castell que Dal\u00ed va regalar a la seva esposa Gala. Serva intacte l\u2019esperit de la propiet\u00e0ria.<\/p>\n<p><strong>3. Casa Museu Salvador Dal\u00ed de Cadaqu\u00e9s.<\/strong><br \/>\n\u00c9suna casa fascinant on Dal\u00ed va viure amb Gala. Us hi esperen animals dissecats, detalls de decoraci\u00f3 kitsch i sorpreses de tota mena.<\/span><\/p>\n\t\t\t\t\t\t<\/div>\n\t\t\t\t<\/div>\n\t\t\t\t\t<\/div>\n\t\t<\/div>\n\t\t\t\t\t<\/div>\n\t\t<\/section>\n\t\t\t\t\t<\/div>\n\t\t<\/div>\n\t\t\t\t\t<\/div>\n\t\t<\/section>\n\t\t\t\t<section data-particle_enable=\"false\" data-particle-mobile-disabled=\"false\" class=\"elementor-section elementor-top-section elementor-element elementor-element-2ccd6eae elementor-section-full_width ohm-rooms-beneath-each-other-wrapper ohm-templ-blocks-beneath-each-other-alternating elementor-section-height-default elementor-section-height-default\" data-id=\"2ccd6eae\" data-element_type=\"section\">\n\t\t\t\t\t\t<div class=\"elementor-container elementor-column-gap-default\">\n\t\t\t\t\t<div class=\"elementor-column elementor-col-100 elementor-top-column elementor-element elementor-element-769c4b29\" data-id=\"769c4b29\" data-element_type=\"column\">\n\t\t\t<div class=\"elementor-widget-wrap elementor-element-populated\">\n\t\t\t\t\t\t<section data-particle_enable=\"false\" data-particle-mobile-disabled=\"false\" class=\"elementor-section elementor-inner-section elementor-element elementor-element-5e3429fb ohm-rooms-card ohm-dragon-line-width-dragon elementor-section-full_width elementor-section-height-default elementor-section-height-default elementor-invisible\" data-id=\"5e3429fb\" data-element_type=\"section\" data-settings=\"{&quot;animation&quot;:&quot;fadeIn&quot;}\">\n\t\t\t\t\t\t<div class=\"elementor-container elementor-column-gap-default\">\n\t\t\t\t\t<div class=\"elementor-column elementor-col-50 elementor-inner-column elementor-element elementor-element-ba439c9 ohm-rooms-lighbox-single-img\" data-id=\"ba439c9\" data-element_type=\"column\">\n\t\t\t<div class=\"elementor-widget-wrap elementor-element-populated\">\n\t\t\t\t\t\t<div class=\"elementor-element elementor-element-78cc03f4 ohm-rooms-image-slider   elementor-pagination-position-inside elementor-arrows-position-inside elementor-widget elementor-widget-image-carousel\" data-id=\"78cc03f4\" data-element_type=\"widget\" data-settings=\"{&quot;slides_to_show&quot;:&quot;1&quot;,&quot;autoplay&quot;:&quot;no&quot;,&quot;navigation&quot;:&quot;both&quot;,&quot;infinite&quot;:&quot;yes&quot;,&quot;effect&quot;:&quot;slide&quot;,&quot;speed&quot;:500}\" data-widget_type=\"image-carousel.default\">\n\t\t\t\t<div class=\"elementor-widget-container\">\n\t\t\t\t\t<div class=\"elementor-image-carousel-wrapper swiper\" dir=\"ltr\">\n\t\t\t<div class=\"elementor-image-carousel swiper-wrapper swiper-image-stretch\" aria-live=\"polite\">\n\t\t\t\t\t\t\t\t<div class=\"swiper-slide\" role=\"group\" aria-roledescription=\"slide\" aria-label=\"1 de 1\"><a data-elementor-open-lightbox=\"yes\" data-elementor-lightbox-slideshow=\"78cc03f4\" data-elementor-lightbox-title=\"pueblos-medievales\" data-e-action-hash=\"#elementor-action%3Aaction%3Dlightbox%26settings%3DeyJpZCI6NzAyNSwidXJsIjoiaHR0cHM6XC9cL2hvdGVsY2FzdGVsbGVtcG9yZGEuY29tXC93cC1jb250ZW50XC91cGxvYWRzXC8yMDIyXC8wMlwvcHVlYmxvcy1tZWRpZXZhbGVzLmpwZWciLCJzbGlkZXNob3ciOiI3OGNjMDNmNCJ9\" href=\"https:\/\/hotelcastellemporda.com\/wp-content\/uploads\/2022\/02\/pueblos-medievales.jpeg\"><figure class=\"swiper-slide-inner\"><img decoding=\"async\" class=\"swiper-slide-image\" src=\"https:\/\/hotelcastellemporda.com\/wp-content\/uploads\/2022\/02\/pueblos-medievales-1024x683.jpeg\" alt=\"pueblos-medievales\" \/><\/figure><\/a><\/div>\t\t\t<\/div>\n\t\t\t\t\t<\/div>\n\t\t\t\t<\/div>\n\t\t\t\t<\/div>\n\t\t\t\t\t<\/div>\n\t\t<\/div>\n\t\t\t\t<div class=\"elementor-column elementor-col-50 elementor-inner-column elementor-element elementor-element-315ff7f5 ohm-description-col\" data-id=\"315ff7f5\" data-element_type=\"column\">\n\t\t\t<div class=\"elementor-widget-wrap elementor-element-populated\">\n\t\t\t\t\t\t<div class=\"elementor-element elementor-element-ce6d542 ohm-heading elementor-widget elementor-widget-heading\" data-id=\"ce6d542\" data-element_type=\"widget\" data-widget_type=\"heading.default\">\n\t\t\t\t<div class=\"elementor-widget-container\">\n\t\t\t<h3 class=\"elementor-heading-title elementor-size-default\">Poblos medievals<\/h3>\t\t<\/div>\n\t\t\t\t<\/div>\n\t\t\t\t<div class=\"elementor-element elementor-element-733c8f4a ohm-text elementor-widget elementor-widget-text-editor\" data-id=\"733c8f4a\" data-element_type=\"widget\" data-widget_type=\"text-editor.default\">\n\t\t\t\t<div class=\"elementor-widget-container\">\n\t\t\t\t\t\t\t<p><span data-sheets-value=\"{&quot;1&quot;:2,&quot;2&quot;:&quot;L\u2019etapa medieval tingu\u00e9 un gran pes per a l\u2019evoluci\u00f3 de les comarques gironines, la hist\u00f2ria de les quals es forj\u00e0 des dels grans monestirs, els petits comtats independents, els castells i les esgl\u00e9sies rom\u00e0niques i g\u00f2tiques. El barri vell de La Bisbal n\u2019\u00e9s una bona mostra. Al bell mig de la vila hi ha un castell, cases porticades, la pla\u00e7a Major i l\u2019antic call jueu.\\n\\nLa Bisbal, juntament amb els pobles ve\u00efns de Monells, Cru\u00eflles i Cor\u00e7\u00e0, forma una ruta de gran atractiu. Monells i Cru\u00eflles nom\u00e9s s\u00f3n a un parell de quil\u00f2metres de La Bisbal. De Monells, us en recomanem la pla\u00e7a porxada. A Madremanya, una poblaci\u00f3 propera, la hist\u00f2ria tamb\u00e9 hi ha deixat empremta. I, a Sant Mart\u00ed Vell, hi podreu veure una curiosa agulla g\u00f2tica tardana. Un seguit de tresors medievals escampats al llarg d\u2019un mateix itinerari.&quot;}\" data-sheets-userformat=\"{&quot;2&quot;:897,&quot;3&quot;:{&quot;1&quot;:0},&quot;10&quot;:1,&quot;11&quot;:4,&quot;12&quot;:0}\">L\u2019etapa medieval tingu\u00e9 un gran pes per a l\u2019evoluci\u00f3 de les comarques gironines, la hist\u00f2ria de les quals es forj\u00e0 des dels grans monestirs, els petits comtats independents, els castells i les esgl\u00e9sies rom\u00e0niques i g\u00f2tiques. El barri vell de La Bisbal n\u2019\u00e9s una bona mostra. Al bell mig de la vila hi ha un castell, cases porticades, la pla\u00e7a Major i l\u2019antic call jueu.<\/p>\n<p>La Bisbal, juntament amb els pobles ve\u00efns de Monells, Cru\u00eflles i Cor\u00e7\u00e0, forma una ruta de gran atractiu. Monells i Cru\u00eflles nom\u00e9s s\u00f3n a un parell de quil\u00f2metres de La Bisbal. De Monells, us en recomanem la pla\u00e7a porxada. A Madremanya, una poblaci\u00f3 propera, la hist\u00f2ria tamb\u00e9 hi ha deixat empremta. I, a Sant Mart\u00ed Vell, hi podreu veure una curiosa agulla g\u00f2tica tardana. Un seguit de tresors medievals escampats al llarg d\u2019un mateix itinerari.<\/span><\/p>\n\t\t\t\t\t\t<\/div>\n\t\t\t\t<\/div>\n\t\t\t\t\t<\/div>\n\t\t<\/div>\n\t\t\t\t\t<\/div>\n\t\t<\/section>\n\t\t\t\t\t<\/div>\n\t\t<\/div>\n\t\t\t\t\t<\/div>\n\t\t<\/section>\n\t\t\t\t<section data-particle_enable=\"false\" data-particle-mobile-disabled=\"false\" class=\"elementor-section elementor-top-section elementor-element elementor-element-563f745 elementor-section-full_width ohm-heading-signature-wrapper elementor-section-height-default elementor-section-height-default\" data-id=\"563f745\" data-element_type=\"section\">\n\t\t\t\t\t\t<div class=\"elementor-container elementor-column-gap-default\">\n\t\t\t\t\t<div class=\"elementor-column elementor-col-100 elementor-top-column elementor-element elementor-element-943c697\" data-id=\"943c697\" data-element_type=\"column\">\n\t\t\t<div class=\"elementor-widget-wrap elementor-element-populated\">\n\t\t\t\t\t\t<section data-particle_enable=\"false\" data-particle-mobile-disabled=\"false\" class=\"elementor-section elementor-inner-section elementor-element elementor-element-3946cdf elementor-section-boxed elementor-section-height-default elementor-section-height-default\" data-id=\"3946cdf\" data-element_type=\"section\">\n\t\t\t\t\t\t<div class=\"elementor-container elementor-column-gap-default\">\n\t\t\t\t\t<div class=\"elementor-column elementor-col-100 elementor-inner-column elementor-element elementor-element-5dd397e\" data-id=\"5dd397e\" data-element_type=\"column\">\n\t\t\t<div class=\"elementor-widget-wrap elementor-element-populated\">\n\t\t\t\t\t\t<div class=\"elementor-element elementor-element-517cd0c ohm-heading elementor-widget elementor-widget-heading\" data-id=\"517cd0c\" data-element_type=\"widget\" data-widget_type=\"heading.default\">\n\t\t\t\t<div class=\"elementor-widget-container\">\n\t\t\t<h2 class=\"elementor-heading-title elementor-size-default\">Other must-sees<\/h2>\t\t<\/div>\n\t\t\t\t<\/div>\n\t\t\t\t\t<\/div>\n\t\t<\/div>\n\t\t\t\t\t<\/div>\n\t\t<\/section>\n\t\t\t\t\t<\/div>\n\t\t<\/div>\n\t\t\t\t\t<\/div>\n\t\t<\/section>\n\t\t\t\t<section data-particle_enable=\"false\" data-particle-mobile-disabled=\"false\" class=\"elementor-section elementor-top-section elementor-element elementor-element-705c5987 elementor-section-full_width ohm-templ-slider-gallery ohm-templ-slider-gallery-square elementor-section-height-default elementor-section-height-default\" data-id=\"705c5987\" data-element_type=\"section\">\n\t\t\t\t\t\t<div class=\"elementor-container elementor-column-gap-default\">\n\t\t\t\t\t<div class=\"elementor-column elementor-col-100 elementor-top-column elementor-element elementor-element-6d3cd710\" data-id=\"6d3cd710\" data-element_type=\"column\">\n\t\t\t<div class=\"elementor-widget-wrap elementor-element-populated\">\n\t\t\t\t\t\t<section data-particle_enable=\"false\" data-particle-mobile-disabled=\"false\" class=\"elementor-section elementor-inner-section elementor-element elementor-element-65915928 elementor-section-boxed elementor-section-height-default elementor-section-height-default\" data-id=\"65915928\" data-element_type=\"section\">\n\t\t\t\t\t\t<div class=\"elementor-container elementor-column-gap-default\">\n\t\t\t\t\t<div class=\"elementor-column elementor-col-100 elementor-inner-column elementor-element elementor-element-6b7f80f8\" data-id=\"6b7f80f8\" data-element_type=\"column\">\n\t\t\t<div class=\"elementor-widget-wrap elementor-element-populated\">\n\t\t\t\t\t\t<div class=\"elementor-element elementor-element-50680ba2 elementor--h-position-left elementor--v-position-bottom elementor-arrows-position-inside elementor-widget elementor-widget-slides\" data-id=\"50680ba2\" data-element_type=\"widget\" data-settings=\"{&quot;navigation&quot;:&quot;arrows&quot;,&quot;infinite&quot;:&quot;yes&quot;,&quot;transition&quot;:&quot;slide&quot;,&quot;transition_speed&quot;:500}\" data-widget_type=\"slides.default\">\n\t\t\t\t<div class=\"elementor-widget-container\">\n\t\t\t\t\t<div class=\"elementor-swiper\">\n\t\t\t<div class=\"elementor-slides-wrapper elementor-main-swiper swiper\" dir=\"ltr\" data-animation=\"fadeInUp\">\n\t\t\t\t<div class=\"swiper-wrapper elementor-slides\">\n\t\t\t\t\t\t\t\t\t\t<div class=\"elementor-repeater-item-a48fe77 swiper-slide\"><div class=\"swiper-slide-bg\" role=\"img\"><\/div><div class=\"swiper-slide-inner\" ><div class=\"swiper-slide-contents\"><div class=\"elementor-slide-description\"><p>Barcelona<\/p>\n<\/div><\/div><\/div><\/div><div class=\"elementor-repeater-item-1c0c1d7 swiper-slide\"><div class=\"swiper-slide-bg\" role=\"img\"><\/div><div class=\"swiper-slide-inner\" ><div class=\"swiper-slide-contents\"><div class=\"elementor-slide-description\"><p>Girona<\/p>\n<\/div><\/div><\/div><\/div><div class=\"elementor-repeater-item-8c51aba swiper-slide\"><div class=\"swiper-slide-bg\" role=\"img\"><\/div><div class=\"swiper-slide-inner\" ><div class=\"swiper-slide-contents\"><div class=\"elementor-slide-description\"><p><span data-sheets-value=\"{&quot;1&quot;:2,&quot;2&quot;:&quot;Les plages de la Costa Brava&quot;}\" data-sheets-userformat=\"{&quot;2&quot;:961,&quot;3&quot;:{&quot;1&quot;:0},&quot;9&quot;:0,&quot;10&quot;:1,&quot;11&quot;:4,&quot;12&quot;:0}\">Les plages de la Costa Brava<\/span><\/p>\n<\/div><\/div><\/div><\/div>\t\t\t\t<\/div>\n\t\t\t\t\t\t\t\t\t\t\t\t\t\t\t\t\t\t\t\t<div class=\"elementor-swiper-button elementor-swiper-button-prev\" role=\"button\" tabindex=\"0\">\n\t\t\t\t\t\t\t<i aria-hidden=\"true\" class=\"eicon-chevron-left\"><\/i>\t\t\t\t\t\t\t<span class=\"elementor-screen-only\">Previous slide<\/span>\n\t\t\t\t\t\t<\/div>\n\t\t\t\t\t\t<div class=\"elementor-swiper-button elementor-swiper-button-next\" role=\"button\" tabindex=\"0\">\n\t\t\t\t\t\t\t<i aria-hidden=\"true\" class=\"eicon-chevron-right\"><\/i>\t\t\t\t\t\t\t<span class=\"elementor-screen-only\">Next slide<\/span>\n\t\t\t\t\t\t<\/div>\n\t\t\t\t\t\t\t\t\t\t\t\t<\/div>\n\t\t<\/div>\n\t\t\t\t<\/div>\n\t\t\t\t<\/div>\n\t\t\t\t\t<\/div>\n\t\t<\/div>\n\t\t\t\t\t<\/div>\n\t\t<\/section>\n\t\t\t\t\t<\/div>\n\t\t<\/div>\n\t\t\t\t\t<\/div>\n\t\t<\/section>\n\t\t\t\t<\/div>\n\t\t","protected":false},"excerpt":{"rendered":"<p>El Triangle de Dali Es diu que l\u2019Empord\u00e0 \u00e9s el triangle daurat dalini\u00e0, ja que aquest territori acull tres dels m\u00e9s importants enclaus del geni surrealista. No gaire lluny de Castell d\u2019Empord\u00e0 hi ha: 1. Teatre Museu Da.Li Figueres. Tot el que hi ha t\u00e9 l\u2019empremta personal de l\u2019artista empordan\u00e8s; fins i tot els edificis [&hellip;]<\/p>\n","protected":false},"author":22,"featured_media":0,"parent":7286,"menu_order":0,"comment_status":"closed","ping_status":"closed","template":"","meta":{"_acf_changed":false,"footnotes":""},"class_list":["post-7356","page","type-page","status-publish","hentry"],"acf":[],"yoast_head":"<!-- This site is optimized with the Yoast SEO plugin v25.3.1 - https:\/\/yoast.com\/wordpress\/plugins\/seo\/ -->\n<title>Pobles Medivals i Da.Li - Hotel Castell DEmporda<\/title>\n<meta name=\"description\" content=\"The Costa Brava is the birthplace region of Salvador Da.Li. Here you will find the Da.Li Triangle: P\u00f9bol, Portlligat and Figueres. Read more.\" \/>\n<meta name=\"robots\" content=\"index, follow, max-snippet:-1, max-image-preview:large, max-video-preview:-1\" \/>\n<link rel=\"canonical\" href=\"https:\/\/hotelcastellemporda.com\/ca\/entorn\/pobles-medivals-i-dali\/\" \/>\n<meta property=\"og:locale\" content=\"ca_ES\" \/>\n<meta property=\"og:type\" content=\"article\" \/>\n<meta property=\"og:title\" content=\"Pobles Medivals i Da.Li - Hotel Castell DEmporda\" \/>\n<meta property=\"og:description\" content=\"The Costa Brava is the birthplace region of Salvador Da.Li. Here you will find the Da.Li Triangle: P\u00f9bol, Portlligat and Figueres. Read more.\" \/>\n<meta property=\"og:url\" content=\"https:\/\/hotelcastellemporda.com\/ca\/entorn\/pobles-medivals-i-dali\/\" \/>\n<meta property=\"og:site_name\" content=\"Hotel Castell DEmporda\" \/>\n<meta property=\"article:modified_time\" content=\"2022-06-05T09:08:11+00:00\" \/>\n<meta property=\"og:image\" content=\"https:\/\/hotelcastellemporda.com\/wp-content\/uploads\/2022\/02\/pueblos-medievales-1024x683.jpeg\" \/>\n<meta name=\"twitter:card\" content=\"summary_large_image\" \/>\n<meta name=\"twitter:label1\" content=\"Temps estimat de lectura\" \/>\n\t<meta name=\"twitter:data1\" content=\"2 minuts\" \/>\n<script type=\"application\/ld+json\" class=\"yoast-schema-graph\">{\"@context\":\"https:\/\/schema.org\",\"@graph\":[{\"@type\":\"WebPage\",\"@id\":\"https:\/\/hotelcastellemporda.com\/ca\/entorn\/pobles-medivals-i-dali\/\",\"url\":\"https:\/\/hotelcastellemporda.com\/ca\/entorn\/pobles-medivals-i-dali\/\",\"name\":\"Pobles Medivals i Da.Li - Hotel Castell DEmporda\",\"isPartOf\":{\"@id\":\"https:\/\/hotelcastellemporda.com\/ca\/#website\"},\"primaryImageOfPage\":{\"@id\":\"https:\/\/hotelcastellemporda.com\/ca\/entorn\/pobles-medivals-i-dali\/#primaryimage\"},\"image\":{\"@id\":\"https:\/\/hotelcastellemporda.com\/ca\/entorn\/pobles-medivals-i-dali\/#primaryimage\"},\"thumbnailUrl\":\"https:\/\/hotelcastellemporda.com\/wp-content\/uploads\/2022\/02\/pueblos-medievales-1024x683.jpeg\",\"datePublished\":\"2022-02-24T15:56:58+00:00\",\"dateModified\":\"2022-06-05T09:08:11+00:00\",\"description\":\"The Costa Brava is the birthplace region of Salvador Da.Li. Here you will find the Da.Li Triangle: P\u00f9bol, Portlligat and Figueres. Read more.\",\"breadcrumb\":{\"@id\":\"https:\/\/hotelcastellemporda.com\/ca\/entorn\/pobles-medivals-i-dali\/#breadcrumb\"},\"inLanguage\":\"ca\",\"potentialAction\":[{\"@type\":\"ReadAction\",\"target\":[\"https:\/\/hotelcastellemporda.com\/ca\/entorn\/pobles-medivals-i-dali\/\"]}]},{\"@type\":\"ImageObject\",\"inLanguage\":\"ca\",\"@id\":\"https:\/\/hotelcastellemporda.com\/ca\/entorn\/pobles-medivals-i-dali\/#primaryimage\",\"url\":\"https:\/\/hotelcastellemporda.com\/wp-content\/uploads\/2022\/02\/pueblos-medievales-1024x683.jpeg\",\"contentUrl\":\"https:\/\/hotelcastellemporda.com\/wp-content\/uploads\/2022\/02\/pueblos-medievales-1024x683.jpeg\"},{\"@type\":\"BreadcrumbList\",\"@id\":\"https:\/\/hotelcastellemporda.com\/ca\/entorn\/pobles-medivals-i-dali\/#breadcrumb\",\"itemListElement\":[{\"@type\":\"ListItem\",\"position\":1,\"name\":\"Home\",\"item\":\"https:\/\/hotelcastellemporda.com\/ca\/\"},{\"@type\":\"ListItem\",\"position\":2,\"name\":\"Entorn\",\"item\":\"https:\/\/hotelcastellemporda.com\/ca\/alrededores\/\"},{\"@type\":\"ListItem\",\"position\":3,\"name\":\"Pobles Medivals i Da.Li\"}]},{\"@type\":\"WebSite\",\"@id\":\"https:\/\/hotelcastellemporda.com\/ca\/#website\",\"url\":\"https:\/\/hotelcastellemporda.com\/ca\/\",\"name\":\"Hotel Castell DEmporda\",\"description\":\"Hotel Castell DEmporda\",\"publisher\":{\"@id\":\"https:\/\/hotelcastellemporda.com\/ca\/#organization\"},\"potentialAction\":[{\"@type\":\"SearchAction\",\"target\":{\"@type\":\"EntryPoint\",\"urlTemplate\":\"https:\/\/hotelcastellemporda.com\/ca\/?s={search_term_string}\"},\"query-input\":{\"@type\":\"PropertyValueSpecification\",\"valueRequired\":true,\"valueName\":\"search_term_string\"}}],\"inLanguage\":\"ca\"},{\"@type\":\"Organization\",\"@id\":\"https:\/\/hotelcastellemporda.com\/ca\/#organization\",\"name\":\"Hotel Castell DEmporda\",\"url\":\"https:\/\/hotelcastellemporda.com\/ca\/\",\"logo\":{\"@type\":\"ImageObject\",\"inLanguage\":\"ca\",\"@id\":\"https:\/\/hotelcastellemporda.com\/ca\/#\/schema\/logo\/image\/\",\"url\":\"https:\/\/hotelcastellemporda.com\/wp-content\/uploads\/2022\/01\/logo-castell-demporda.png\",\"contentUrl\":\"https:\/\/hotelcastellemporda.com\/wp-content\/uploads\/2022\/01\/logo-castell-demporda.png\",\"width\":130,\"height\":97,\"caption\":\"Hotel Castell DEmporda\"},\"image\":{\"@id\":\"https:\/\/hotelcastellemporda.com\/ca\/#\/schema\/logo\/image\/\"}}]}<\/script>\n<!-- \/ Yoast SEO plugin. -->","yoast_head_json":{"title":"Pobles Medivals i Da.Li - Hotel Castell DEmporda","description":"The Costa Brava is the birthplace region of Salvador Da.Li. Here you will find the Da.Li Triangle: P\u00f9bol, Portlligat and Figueres. Read more.","robots":{"index":"index","follow":"follow","max-snippet":"max-snippet:-1","max-image-preview":"max-image-preview:large","max-video-preview":"max-video-preview:-1"},"canonical":"https:\/\/hotelcastellemporda.com\/ca\/entorn\/pobles-medivals-i-dali\/","og_locale":"ca_ES","og_type":"article","og_title":"Pobles Medivals i Da.Li - Hotel Castell DEmporda","og_description":"The Costa Brava is the birthplace region of Salvador Da.Li. Here you will find the Da.Li Triangle: P\u00f9bol, Portlligat and Figueres. Read more.","og_url":"https:\/\/hotelcastellemporda.com\/ca\/entorn\/pobles-medivals-i-dali\/","og_site_name":"Hotel Castell DEmporda","article_modified_time":"2022-06-05T09:08:11+00:00","og_image":[{"url":"https:\/\/hotelcastellemporda.com\/wp-content\/uploads\/2022\/02\/pueblos-medievales-1024x683.jpeg","type":"","width":"","height":""}],"twitter_card":"summary_large_image","twitter_misc":{"Temps estimat de lectura":"2 minuts"},"schema":{"@context":"https:\/\/schema.org","@graph":[{"@type":"WebPage","@id":"https:\/\/hotelcastellemporda.com\/ca\/entorn\/pobles-medivals-i-dali\/","url":"https:\/\/hotelcastellemporda.com\/ca\/entorn\/pobles-medivals-i-dali\/","name":"Pobles Medivals i Da.Li - Hotel Castell DEmporda","isPartOf":{"@id":"https:\/\/hotelcastellemporda.com\/ca\/#website"},"primaryImageOfPage":{"@id":"https:\/\/hotelcastellemporda.com\/ca\/entorn\/pobles-medivals-i-dali\/#primaryimage"},"image":{"@id":"https:\/\/hotelcastellemporda.com\/ca\/entorn\/pobles-medivals-i-dali\/#primaryimage"},"thumbnailUrl":"https:\/\/hotelcastellemporda.com\/wp-content\/uploads\/2022\/02\/pueblos-medievales-1024x683.jpeg","datePublished":"2022-02-24T15:56:58+00:00","dateModified":"2022-06-05T09:08:11+00:00","description":"The Costa Brava is the birthplace region of Salvador Da.Li. Here you will find the Da.Li Triangle: P\u00f9bol, Portlligat and Figueres. Read more.","breadcrumb":{"@id":"https:\/\/hotelcastellemporda.com\/ca\/entorn\/pobles-medivals-i-dali\/#breadcrumb"},"inLanguage":"ca","potentialAction":[{"@type":"ReadAction","target":["https:\/\/hotelcastellemporda.com\/ca\/entorn\/pobles-medivals-i-dali\/"]}]},{"@type":"ImageObject","inLanguage":"ca","@id":"https:\/\/hotelcastellemporda.com\/ca\/entorn\/pobles-medivals-i-dali\/#primaryimage","url":"https:\/\/hotelcastellemporda.com\/wp-content\/uploads\/2022\/02\/pueblos-medievales-1024x683.jpeg","contentUrl":"https:\/\/hotelcastellemporda.com\/wp-content\/uploads\/2022\/02\/pueblos-medievales-1024x683.jpeg"},{"@type":"BreadcrumbList","@id":"https:\/\/hotelcastellemporda.com\/ca\/entorn\/pobles-medivals-i-dali\/#breadcrumb","itemListElement":[{"@type":"ListItem","position":1,"name":"Home","item":"https:\/\/hotelcastellemporda.com\/ca\/"},{"@type":"ListItem","position":2,"name":"Entorn","item":"https:\/\/hotelcastellemporda.com\/ca\/alrededores\/"},{"@type":"ListItem","position":3,"name":"Pobles Medivals i Da.Li"}]},{"@type":"WebSite","@id":"https:\/\/hotelcastellemporda.com\/ca\/#website","url":"https:\/\/hotelcastellemporda.com\/ca\/","name":"Hotel Castell DEmporda","description":"Hotel Castell DEmporda","publisher":{"@id":"https:\/\/hotelcastellemporda.com\/ca\/#organization"},"potentialAction":[{"@type":"SearchAction","target":{"@type":"EntryPoint","urlTemplate":"https:\/\/hotelcastellemporda.com\/ca\/?s={search_term_string}"},"query-input":{"@type":"PropertyValueSpecification","valueRequired":true,"valueName":"search_term_string"}}],"inLanguage":"ca"},{"@type":"Organization","@id":"https:\/\/hotelcastellemporda.com\/ca\/#organization","name":"Hotel Castell DEmporda","url":"https:\/\/hotelcastellemporda.com\/ca\/","logo":{"@type":"ImageObject","inLanguage":"ca","@id":"https:\/\/hotelcastellemporda.com\/ca\/#\/schema\/logo\/image\/","url":"https:\/\/hotelcastellemporda.com\/wp-content\/uploads\/2022\/01\/logo-castell-demporda.png","contentUrl":"https:\/\/hotelcastellemporda.com\/wp-content\/uploads\/2022\/01\/logo-castell-demporda.png","width":130,"height":97,"caption":"Hotel Castell DEmporda"},"image":{"@id":"https:\/\/hotelcastellemporda.com\/ca\/#\/schema\/logo\/image\/"}}]}},"_links":{"self":[{"href":"https:\/\/hotelcastellemporda.com\/ca\/wp-json\/wp\/v2\/pages\/7356","targetHints":{"allow":["GET"]}}],"collection":[{"href":"https:\/\/hotelcastellemporda.com\/ca\/wp-json\/wp\/v2\/pages"}],"about":[{"href":"https:\/\/hotelcastellemporda.com\/ca\/wp-json\/wp\/v2\/types\/page"}],"author":[{"embeddable":true,"href":"https:\/\/hotelcastellemporda.com\/ca\/wp-json\/wp\/v2\/users\/22"}],"replies":[{"embeddable":true,"href":"https:\/\/hotelcastellemporda.com\/ca\/wp-json\/wp\/v2\/comments?post=7356"}],"version-history":[{"count":0,"href":"https:\/\/hotelcastellemporda.com\/ca\/wp-json\/wp\/v2\/pages\/7356\/revisions"}],"up":[{"embeddable":true,"href":"https:\/\/hotelcastellemporda.com\/ca\/wp-json\/wp\/v2\/pages\/7286"}],"wp:attachment":[{"href":"https:\/\/hotelcastellemporda.com\/ca\/wp-json\/wp\/v2\/media?parent=7356"}],"curies":[{"name":"wp","href":"https:\/\/api.w.org\/{rel}","templated":true}]}}