{"id":7446,"date":"2022-02-25T10:09:19","date_gmt":"2022-02-25T10:09:19","guid":{"rendered":"https:\/\/hotelcastellemporda.com\/hotel\/"},"modified":"2024-07-30T14:23:12","modified_gmt":"2024-07-30T14:23:12","slug":"hotel","status":"publish","type":"page","link":"https:\/\/hotelcastellemporda.com\/ca\/hotel\/","title":{"rendered":"El Castell"},"content":{"rendered":"\t\t<div data-elementor-type=\"wp-page\" data-elementor-id=\"7446\" class=\"elementor elementor-7446 elementor-3213\" data-elementor-post-type=\"page\">\n\t\t\t\t\t\t<section data-particle_enable=\"false\" data-particle-mobile-disabled=\"false\" class=\"elementor-section elementor-top-section elementor-element elementor-element-c913418 elementor-section-full_width ohm-templ-hero-image-slider elementor-section-height-default elementor-section-height-default\" data-id=\"c913418\" data-element_type=\"section\" data-settings=\"{&quot;background_background&quot;:&quot;classic&quot;}\">\n\t\t\t\t\t\t<div class=\"elementor-container elementor-column-gap-default\">\n\t\t\t\t\t<div class=\"elementor-column elementor-col-100 elementor-top-column elementor-element elementor-element-28b7586\" data-id=\"28b7586\" data-element_type=\"column\">\n\t\t\t<div class=\"elementor-widget-wrap\">\n\t\t\t\t\t\t\t<\/div>\n\t\t<\/div>\n\t\t\t\t\t<\/div>\n\t\t<\/section>\n\t\t\t\t<section data-particle_enable=\"false\" data-particle-mobile-disabled=\"false\" class=\"elementor-section elementor-top-section elementor-element elementor-element-1aa82043 elementor-section-full_width ohm-templ-intro-section ohm-templ-intro-section-with-btns ohm-spaces ohm-zero-bottom animated-fast elementor-section-height-default elementor-section-height-default\" data-id=\"1aa82043\" data-element_type=\"section\" data-settings=\"{&quot;animation&quot;:&quot;none&quot;,&quot;background_background&quot;:&quot;classic&quot;,&quot;animation_delay&quot;:0}\">\n\t\t\t\t\t\t<div class=\"elementor-container elementor-column-gap-default\">\n\t\t\t\t\t<div class=\"elementor-column elementor-col-100 elementor-top-column elementor-element elementor-element-495b6c3c\" data-id=\"495b6c3c\" data-element_type=\"column\">\n\t\t\t<div class=\"elementor-widget-wrap elementor-element-populated\">\n\t\t\t\t\t\t<section data-particle_enable=\"false\" data-particle-mobile-disabled=\"false\" class=\"elementor-section elementor-inner-section elementor-element elementor-element-54ef5fd6 animated-fast elementor-section-boxed elementor-section-height-default elementor-section-height-default\" data-id=\"54ef5fd6\" data-element_type=\"section\" data-settings=\"{&quot;animation&quot;:&quot;none&quot;,&quot;animation_delay&quot;:0}\">\n\t\t\t\t\t\t<div class=\"elementor-container elementor-column-gap-default\">\n\t\t\t\t\t<div class=\"elementor-column elementor-col-100 elementor-inner-column elementor-element elementor-element-61d35620\" data-id=\"61d35620\" data-element_type=\"column\">\n\t\t\t<div class=\"elementor-widget-wrap elementor-element-populated\">\n\t\t\t\t\t\t<div class=\"elementor-element elementor-element-ef5dc6c ohm-subheading elementor-widget elementor-widget-heading\" data-id=\"ef5dc6c\" data-element_type=\"widget\" data-widget_type=\"heading.default\">\n\t\t\t\t<div class=\"elementor-widget-container\">\n\t\t\t<h4 class=\"elementor-heading-title elementor-size-default\">LA NOSTRA HIST\u00d2RIA<\/h4>\t\t<\/div>\n\t\t\t\t<\/div>\n\t\t\t\t<div class=\"elementor-element elementor-element-1cdbfb53 ohm-heading elementor-widget elementor-widget-heading\" data-id=\"1cdbfb53\" data-element_type=\"widget\" data-widget_type=\"heading.default\">\n\t\t\t\t<div class=\"elementor-widget-container\">\n\t\t\t<h1 class=\"elementor-heading-title elementor-size-default\">Sobre Castell d'Empord\u00e0<\/h1>\t\t<\/div>\n\t\t\t\t<\/div>\n\t\t\t\t<div class=\"elementor-element elementor-element-53fbc216 ohm-text elementor-widget elementor-widget-text-editor\" data-id=\"53fbc216\" data-element_type=\"widget\" data-widget_type=\"text-editor.default\">\n\t\t\t\t<div class=\"elementor-widget-container\">\n\t\t\t\t\t\t\t<p><span data-sheets-value=\"{&quot;1&quot;:2,&quot;2&quot;:&quot;La hist\u00f2ria mor quan no es pot reviure. Per aix\u00f2, el llegat cultural del territori es conserva molt millor a Castell d\u2019Empord\u00e0 que en altres castells privats inaccessibles o en museus sovint est\u00e0tics. Durant l\u2019estada quedareu impregnats a l\u2019instant de la hist\u00f2ria antiga de Castell d\u2019Empord\u00e0. No caldran confer\u00e8ncies ni lli\u00e7ons magistrals. N\u2019hi haur\u00e0 prou amb la conversa al voltant d\u2019una taula parada amb menges saboroses maridades amb vins escaients.&quot;}\" data-sheets-userformat=\"{&quot;2&quot;:897,&quot;3&quot;:{&quot;1&quot;:0},&quot;10&quot;:1,&quot;11&quot;:4,&quot;12&quot;:0}\">La hist\u00f2ria mor quan no es pot reviure. Per aix\u00f2, el llegat cultural del territori es conserva molt millor a Castell d\u2019Empord\u00e0 que en altres castells privats inaccessibles o en museus sovint est\u00e0tics. Durant l\u2019estada quedareu impregnats a l\u2019instant de la hist\u00f2ria antiga de Castell d\u2019Empord\u00e0. No caldran confer\u00e8ncies ni lli\u00e7ons magistrals. N\u2019hi haur\u00e0 prou amb la conversa al voltant d\u2019una taula parada amb menges saboroses maridades amb vins escaients.<\/span><\/p>\n\t\t\t\t\t\t<\/div>\n\t\t\t\t<\/div>\n\t\t\t\t\t<\/div>\n\t\t<\/div>\n\t\t\t\t\t<\/div>\n\t\t<\/section>\n\t\t\t\t\t<\/div>\n\t\t<\/div>\n\t\t\t\t\t<\/div>\n\t\t<\/section>\n\t\t\t\t<section data-particle_enable=\"false\" data-particle-mobile-disabled=\"false\" class=\"elementor-section elementor-top-section elementor-element elementor-element-13ea2ac elementor-section-full_width ohm-testimonials-wrapper ohm-spaces ohm-zero-top animated-fast elementor-section-height-default elementor-section-height-default\" data-id=\"13ea2ac\" data-element_type=\"section\" data-settings=\"{&quot;background_background&quot;:&quot;classic&quot;,&quot;animation&quot;:&quot;none&quot;,&quot;animation_delay&quot;:0}\">\n\t\t\t\t\t\t<div class=\"elementor-container elementor-column-gap-default\">\n\t\t\t\t\t<div class=\"elementor-column elementor-col-100 elementor-top-column elementor-element elementor-element-11b260f\" data-id=\"11b260f\" data-element_type=\"column\">\n\t\t\t<div class=\"elementor-widget-wrap elementor-element-populated\">\n\t\t\t\t\t\t<section data-particle_enable=\"false\" data-particle-mobile-disabled=\"false\" class=\"elementor-section elementor-inner-section elementor-element elementor-element-c1a0438 ohm-testimonials-inner animated-fast elementor-section-boxed elementor-section-height-default elementor-section-height-default\" data-id=\"c1a0438\" data-element_type=\"section\" data-settings=\"{&quot;animation&quot;:&quot;none&quot;,&quot;animation_delay&quot;:0}\">\n\t\t\t\t\t\t<div class=\"elementor-container elementor-column-gap-default\">\n\t\t\t\t\t<div class=\"elementor-column elementor-col-100 elementor-inner-column elementor-element elementor-element-0ffa5fb\" data-id=\"0ffa5fb\" data-element_type=\"column\">\n\t\t\t<div class=\"elementor-widget-wrap elementor-element-populated\">\n\t\t\t\t\t\t<div class=\"elementor-element elementor-element-5727a93 ohm-testimonials elementor-testimonial--skin-default elementor-testimonial--layout-image_inline elementor-testimonial--align-center elementor-arrows-yes elementor-widget elementor-widget-testimonial-carousel\" data-id=\"5727a93\" data-element_type=\"widget\" data-settings=\"{&quot;space_between&quot;:{&quot;unit&quot;:&quot;px&quot;,&quot;size&quot;:&quot;&quot;,&quot;sizes&quot;:[]},&quot;show_arrows&quot;:&quot;yes&quot;,&quot;speed&quot;:500,&quot;space_between_tablet&quot;:{&quot;unit&quot;:&quot;px&quot;,&quot;size&quot;:10,&quot;sizes&quot;:[]},&quot;space_between_mobile&quot;:{&quot;unit&quot;:&quot;px&quot;,&quot;size&quot;:10,&quot;sizes&quot;:[]}}\" data-widget_type=\"testimonial-carousel.default\">\n\t\t\t\t<div class=\"elementor-widget-container\">\n\t\t\t\t\t<div class=\"elementor-swiper\">\n\t\t\t<div class=\"elementor-main-swiper swiper\">\n\t\t\t\t<div class=\"swiper-wrapper\">\n\t\t\t\t\t\t\t\t\t\t\t<div class=\"swiper-slide\">\n\t\t\t\t\t\t\t\t\t<div class=\"elementor-testimonial\">\n\t\t\t\t\t\t\t<div class=\"elementor-testimonial__content\">\n\t\t\t\t\t<div class=\"elementor-testimonial__text\">\n\t\t\t\t\t\t<p><span data-sheets-value=\"{&quot;1&quot;:2,&quot;2&quot;:&quot;El document m\u00e9s antic que fa esment de Castell d\u2019Empord\u00e0 data del 18de mar\u00e7 de 1301.&quot;}\" data-sheets-userformat=\"{&quot;2&quot;:897,&quot;3&quot;:{&quot;1&quot;:0},&quot;10&quot;:1,&quot;11&quot;:4,&quot;12&quot;:0}\">El document m\u00e9s antic que fa esment de Castell d\u2019Empord\u00e0 data del 18de mar\u00e7 de 1301.<\/span><\/p>\n\t\t\t\t\t<\/div>\n\t\t\t\t\t\t\t\t\t<\/div>\n\t\t\t\t\t\t<div class=\"elementor-testimonial__footer\">\n\t\t\t\t\t\t\t\t<cite class=\"elementor-testimonial__cite\"><span class=\"elementor-testimonial__name\">1301<\/span><\/cite>\t\t\t<\/div>\n\t\t<\/div>\n\t\t\t\t\t\t\t\t<\/div>\n\t\t\t\t\t\t\t\t\t\t\t<div class=\"swiper-slide\">\n\t\t\t\t\t\t\t\t\t<div class=\"elementor-testimonial\">\n\t\t\t\t\t\t\t<div class=\"elementor-testimonial__content\">\n\t\t\t\t\t<div class=\"elementor-testimonial__text\">\n\t\t\t\t\t\t<p><span data-sheets-value=\"{&quot;1&quot;:2,&quot;2&quot;:&quot;El 1413 el va adquirir, per cap\u00edtol matrimonial, la fam\u00edlia Margarit.&quot;}\" data-sheets-userformat=\"{&quot;2&quot;:897,&quot;3&quot;:{&quot;1&quot;:0},&quot;10&quot;:1,&quot;11&quot;:4,&quot;12&quot;:0}\">El 1413 el va adquirir, per cap\u00edtol matrimonial, la fam\u00edlia Margarit.<\/span><\/p>\n\t\t\t\t\t<\/div>\n\t\t\t\t\t\t\t\t\t<\/div>\n\t\t\t\t\t\t<div class=\"elementor-testimonial__footer\">\n\t\t\t\t\t\t\t\t<cite class=\"elementor-testimonial__cite\"><span class=\"elementor-testimonial__name\">1413<\/span><\/cite>\t\t\t<\/div>\n\t\t<\/div>\n\t\t\t\t\t\t\t\t<\/div>\n\t\t\t\t\t\t\t\t\t\t\t<div class=\"swiper-slide\">\n\t\t\t\t\t\t\t\t\t<div class=\"elementor-testimonial\">\n\t\t\t\t\t\t\t<div class=\"elementor-testimonial__content\">\n\t\t\t\t\t<div class=\"elementor-testimonial__text\">\n\t\t\t\t\t\t<p><span data-sheets-value=\"{&quot;1&quot;:2,&quot;2&quot;:&quot;El 1494, el capit\u00e0 Pere Margarit, que havia salpat amb la tripulaci\u00f3 de Crist\u00f2fol Colom, descobr\u00ed el territori conegut amb el nom d\u2019Isla Margarita.&quot;}\" data-sheets-userformat=\"{&quot;2&quot;:897,&quot;3&quot;:{&quot;1&quot;:0},&quot;10&quot;:1,&quot;11&quot;:4,&quot;12&quot;:0}\">El 1494, el capit\u00e0 Pere Margarit, que havia salpat amb la tripulaci\u00f3 de Crist\u00f2fol Colom, descobr\u00ed el territori conegut amb el nom d\u2019Isla Margarita.<\/span><\/p>\n\t\t\t\t\t<\/div>\n\t\t\t\t\t\t\t\t\t<\/div>\n\t\t\t\t\t\t<div class=\"elementor-testimonial__footer\">\n\t\t\t\t\t\t\t\t<cite class=\"elementor-testimonial__cite\"><span class=\"elementor-testimonial__name\">1494<\/span><\/cite>\t\t\t<\/div>\n\t\t<\/div>\n\t\t\t\t\t\t\t\t<\/div>\n\t\t\t\t\t\t\t\t\t\t\t<div class=\"swiper-slide\">\n\t\t\t\t\t\t\t\t\t<div class=\"elementor-testimonial\">\n\t\t\t\t\t\t\t<div class=\"elementor-testimonial__content\">\n\t\t\t\t\t<div class=\"elementor-testimonial__text\">\n\t\t\t\t\t\t<p><span data-sheets-value=\"{&quot;1&quot;:2,&quot;2&quot;:&quot;El 1600 es va construir al costat del castell una capella que, pels poders guaridors de l\u2019indret, es va anomenar Ermita del Remei. Encara avui, el segon diumenge d\u2019octubre, la gent d\u2019aqu\u00ed hi celebra any rere any l\u2019Aplec del Remei.&quot;}\" data-sheets-userformat=\"{&quot;2&quot;:897,&quot;3&quot;:{&quot;1&quot;:0},&quot;10&quot;:1,&quot;11&quot;:4,&quot;12&quot;:0}\">El 1600 es va construir al costat del castell una capella que, pels poders guaridors de l\u2019indret, es va anomenar Ermita del Remei. Encara avui, el segon diumenge d\u2019octubre, la gent d\u2019aqu\u00ed hi celebra any rere any l\u2019Aplec del Remei.<\/span><\/p>\n\t\t\t\t\t<\/div>\n\t\t\t\t\t\t\t\t\t<\/div>\n\t\t\t\t\t\t<div class=\"elementor-testimonial__footer\">\n\t\t\t\t\t\t\t\t<cite class=\"elementor-testimonial__cite\"><span class=\"elementor-testimonial__name\">1600<\/span><\/cite>\t\t\t<\/div>\n\t\t<\/div>\n\t\t\t\t\t\t\t\t<\/div>\n\t\t\t\t\t\t\t\t\t\t\t<div class=\"swiper-slide\">\n\t\t\t\t\t\t\t\t\t<div class=\"elementor-testimonial\">\n\t\t\t\t\t\t\t<div class=\"elementor-testimonial__content\">\n\t\t\t\t\t<div class=\"elementor-testimonial__text\">\n\t\t\t\t\t\t<p><span data-sheets-value=\"{&quot;1&quot;:2,&quot;2&quot;:&quot;El 1973 Salvador Dal\u00ed va voler adquirir la propietat per a la seva esposa Gala, pagant-la amb obra seva. Per\u00f2 el propietari d\u2019aleshores, Pedro Arpa, volia diners en efectiu. Dal\u00ed va acabar comprant el castell de P\u00fabol.&quot;}\" data-sheets-userformat=\"{&quot;2&quot;:897,&quot;3&quot;:{&quot;1&quot;:0},&quot;10&quot;:1,&quot;11&quot;:4,&quot;12&quot;:0}\">El 1973 Salvador Dal\u00ed va voler adquirir la propietat per a la seva esposa Gala, pagant-la amb obra seva. Per\u00f2 el propietari d\u2019aleshores, Pedro Arpa, volia diners en efectiu. Dal\u00ed va acabar comprant el castell de P\u00fabol.<\/span><\/p>\n\t\t\t\t\t<\/div>\n\t\t\t\t\t\t\t\t\t<\/div>\n\t\t\t\t\t\t<div class=\"elementor-testimonial__footer\">\n\t\t\t\t\t\t\t\t<cite class=\"elementor-testimonial__cite\"><span class=\"elementor-testimonial__name\">1973<\/span><\/cite>\t\t\t<\/div>\n\t\t<\/div>\n\t\t\t\t\t\t\t\t<\/div>\n\t\t\t\t\t\t\t\t\t\t\t<div class=\"swiper-slide\">\n\t\t\t\t\t\t\t\t\t<div class=\"elementor-testimonial\">\n\t\t\t\t\t\t\t<div class=\"elementor-testimonial__content\">\n\t\t\t\t\t<div class=\"elementor-testimonial__text\">\n\t\t\t\t\t\t<p><span data-sheets-value=\"{&quot;1&quot;:2,&quot;2&quot;:&quot;El 1999, Castell d\u2019Empord\u00e0, abandonat durant m\u00e9s de 18 anys, va anar a parar a mans d\u2019Albert Diks i Margo Vereijken, la parella fundadora de l\u2019hotel restaurant que avui coneixem.&quot;}\" data-sheets-userformat=\"{&quot;2&quot;:897,&quot;3&quot;:{&quot;1&quot;:0},&quot;10&quot;:1,&quot;11&quot;:4,&quot;12&quot;:0}\">El 1999, Castell d\u2019Empord\u00e0, abandonat durant m\u00e9s de 18 anys, va anar a parar a mans d\u2019Albert Diks i Margo Vereijken, la parella fundadora de l\u2019hotel restaurant que avui coneixem.<\/span><\/p>\n\t\t\t\t\t<\/div>\n\t\t\t\t\t\t\t\t\t<\/div>\n\t\t\t\t\t\t<div class=\"elementor-testimonial__footer\">\n\t\t\t\t\t\t\t\t<cite class=\"elementor-testimonial__cite\"><span class=\"elementor-testimonial__name\">1999<\/span><\/cite>\t\t\t<\/div>\n\t\t<\/div>\n\t\t\t\t\t\t\t\t<\/div>\n\t\t\t\t\t\t\t\t\t<\/div>\n\t\t\t\t\t\t\t\t\t\t\t\t\t\t\t\t\t\t\t\t<div class=\"elementor-swiper-button elementor-swiper-button-prev\" role=\"button\" tabindex=\"0\">\n\t\t\t\t\t\t\t<i aria-hidden=\"true\" class=\"eicon-chevron-left\"><\/i>\t\t\t\t\t\t\t<span class=\"elementor-screen-only\">Previous<\/span>\n\t\t\t\t\t\t<\/div>\n\t\t\t\t\t\t<div class=\"elementor-swiper-button elementor-swiper-button-next\" role=\"button\" tabindex=\"0\">\n\t\t\t\t\t\t\t<i aria-hidden=\"true\" class=\"eicon-chevron-right\"><\/i>\t\t\t\t\t\t\t<span class=\"elementor-screen-only\">Next<\/span>\n\t\t\t\t\t\t<\/div>\n\t\t\t\t\t\t\t\t\t\t\t\t<\/div>\n\t\t<\/div>\n\t\t\t\t<\/div>\n\t\t\t\t<\/div>\n\t\t\t\t\t<\/div>\n\t\t<\/div>\n\t\t\t\t\t<\/div>\n\t\t<\/section>\n\t\t\t\t\t<\/div>\n\t\t<\/div>\n\t\t\t\t\t<\/div>\n\t\t<\/section>\n\t\t\t\t<section data-particle_enable=\"false\" data-particle-mobile-disabled=\"false\" class=\"elementor-section elementor-top-section elementor-element elementor-element-39ea5f1b elementor-section-full_width ohm-rooms-beneath-each-other-wrapper ohm-templ-blocks-beneath-each-other-alternating elementor-section-height-default elementor-section-height-default\" data-id=\"39ea5f1b\" data-element_type=\"section\">\n\t\t\t\t\t\t<div class=\"elementor-container elementor-column-gap-default\">\n\t\t\t\t\t<div class=\"elementor-column elementor-col-100 elementor-top-column elementor-element elementor-element-265c5065\" data-id=\"265c5065\" data-element_type=\"column\">\n\t\t\t<div class=\"elementor-widget-wrap elementor-element-populated\">\n\t\t\t\t\t\t<section data-particle_enable=\"false\" data-particle-mobile-disabled=\"false\" class=\"elementor-section elementor-inner-section elementor-element elementor-element-60ae5b87 ohm-rooms-card ohm-dragon-line-width-dragon elementor-section-full_width elementor-section-height-default elementor-section-height-default elementor-invisible\" data-id=\"60ae5b87\" data-element_type=\"section\" data-settings=\"{&quot;animation&quot;:&quot;fadeIn&quot;}\">\n\t\t\t\t\t\t<div class=\"elementor-container elementor-column-gap-default\">\n\t\t\t\t\t<div class=\"elementor-column elementor-col-50 elementor-inner-column elementor-element elementor-element-6b081c58 ohm-rooms-lighbox-single-img\" data-id=\"6b081c58\" data-element_type=\"column\">\n\t\t\t<div class=\"elementor-widget-wrap elementor-element-populated\">\n\t\t\t\t\t\t<div class=\"elementor-element elementor-element-46277537 ohm-rooms-image-slider   elementor-pagination-position-inside elementor-arrows-position-inside elementor-widget elementor-widget-image-carousel\" data-id=\"46277537\" data-element_type=\"widget\" data-settings=\"{&quot;slides_to_show&quot;:&quot;1&quot;,&quot;autoplay&quot;:&quot;no&quot;,&quot;navigation&quot;:&quot;both&quot;,&quot;infinite&quot;:&quot;yes&quot;,&quot;effect&quot;:&quot;slide&quot;,&quot;speed&quot;:500}\" data-widget_type=\"image-carousel.default\">\n\t\t\t\t<div class=\"elementor-widget-container\">\n\t\t\t\t\t<div class=\"elementor-image-carousel-wrapper swiper\" dir=\"ltr\">\n\t\t\t<div class=\"elementor-image-carousel swiper-wrapper swiper-image-stretch\" aria-live=\"polite\">\n\t\t\t\t\t\t\t\t<div class=\"swiper-slide\" role=\"group\" aria-roledescription=\"slide\" aria-label=\"1 de 3\"><a data-elementor-open-lightbox=\"yes\" data-elementor-lightbox-slideshow=\"46277537\" data-elementor-lightbox-title=\"Castell dEmporda- Pool\" data-e-action-hash=\"#elementor-action%3Aaction%3Dlightbox%26settings%3DeyJpZCI6MzU4OSwidXJsIjoiaHR0cHM6XC9cL2hvdGVsY2FzdGVsbGVtcG9yZGEuY29tXC93cC1jb250ZW50XC91cGxvYWRzXC8yMDIyXC8wMlwvQ2FzdGVsbC1kRW1wb3JkYS1Qb29sLXNjYWxlZC5qcGciLCJzbGlkZXNob3ciOiI0NjI3NzUzNyJ9\" href=\"https:\/\/hotelcastellemporda.com\/wp-content\/uploads\/2022\/02\/Castell-dEmporda-Pool-scaled.jpg\"><figure class=\"swiper-slide-inner\"><img decoding=\"async\" class=\"swiper-slide-image\" src=\"https:\/\/hotelcastellemporda.com\/wp-content\/uploads\/2022\/02\/Castell-dEmporda-Pool-1024x683.jpg\" alt=\"Castell dEmporda- Pool\" \/><\/figure><\/a><\/div><div class=\"swiper-slide\" role=\"group\" aria-roledescription=\"slide\" aria-label=\"2 de 3\"><a data-elementor-open-lightbox=\"yes\" data-elementor-lightbox-slideshow=\"46277537\" data-elementor-lightbox-title=\"Castell dEmporda- Pool - Models - 03\" data-e-action-hash=\"#elementor-action%3Aaction%3Dlightbox%26settings%3DeyJpZCI6MzU4MywidXJsIjoiaHR0cHM6XC9cL2hvdGVsY2FzdGVsbGVtcG9yZGEuY29tXC93cC1jb250ZW50XC91cGxvYWRzXC8yMDIyXC8wMlwvQ2FzdGVsbC1kRW1wb3JkYS1Qb29sLU1vZGVscy0wMy1zY2FsZWQuanBnIiwic2xpZGVzaG93IjoiNDYyNzc1MzcifQ%3D%3D\" href=\"https:\/\/hotelcastellemporda.com\/wp-content\/uploads\/2022\/02\/Castell-dEmporda-Pool-Models-03-scaled.jpg\"><figure class=\"swiper-slide-inner\"><img decoding=\"async\" class=\"swiper-slide-image\" src=\"https:\/\/hotelcastellemporda.com\/wp-content\/uploads\/2022\/02\/Castell-dEmporda-Pool-Models-03-1024x683.jpg\" alt=\"Castell dEmporda- Pool - Models - 03\" \/><\/figure><\/a><\/div><div class=\"swiper-slide\" role=\"group\" aria-roledescription=\"slide\" aria-label=\"3 de 3\"><a data-elementor-open-lightbox=\"yes\" data-elementor-lightbox-slideshow=\"46277537\" data-elementor-lightbox-title=\"Dali Pool\" data-e-action-hash=\"#elementor-action%3Aaction%3Dlightbox%26settings%3DeyJpZCI6MzU4NiwidXJsIjoiaHR0cHM6XC9cL2hvdGVsY2FzdGVsbGVtcG9yZGEuY29tXC93cC1jb250ZW50XC91cGxvYWRzXC8yMDIyXC8wMlwvRGFsaS1Qb29sLXNjYWxlZC5qcGciLCJzbGlkZXNob3ciOiI0NjI3NzUzNyJ9\" href=\"https:\/\/hotelcastellemporda.com\/wp-content\/uploads\/2022\/02\/Dali-Pool-scaled.jpg\"><figure class=\"swiper-slide-inner\"><img decoding=\"async\" class=\"swiper-slide-image\" src=\"https:\/\/hotelcastellemporda.com\/wp-content\/uploads\/2022\/02\/Dali-Pool-1024x684.jpg\" alt=\"Dali Pool\" \/><\/figure><\/a><\/div>\t\t\t<\/div>\n\t\t\t\t\t\t\t\t\t\t\t\t<div class=\"elementor-swiper-button elementor-swiper-button-prev\" role=\"button\" tabindex=\"0\">\n\t\t\t\t\t\t<i aria-hidden=\"true\" class=\"eicon-chevron-left\"><\/i>\t\t\t\t\t<\/div>\n\t\t\t\t\t<div class=\"elementor-swiper-button elementor-swiper-button-next\" role=\"button\" tabindex=\"0\">\n\t\t\t\t\t\t<i aria-hidden=\"true\" class=\"eicon-chevron-right\"><\/i>\t\t\t\t\t<\/div>\n\t\t\t\t\n\t\t\t\t\t\t\t\t\t<div class=\"swiper-pagination\"><\/div>\n\t\t\t\t\t\t\t\t\t<\/div>\n\t\t\t\t<\/div>\n\t\t\t\t<\/div>\n\t\t\t\t\t<\/div>\n\t\t<\/div>\n\t\t\t\t<div class=\"elementor-column elementor-col-50 elementor-inner-column elementor-element elementor-element-1aec9d82 ohm-description-col\" data-id=\"1aec9d82\" data-element_type=\"column\">\n\t\t\t<div class=\"elementor-widget-wrap elementor-element-populated\">\n\t\t\t\t\t\t<div class=\"elementor-element elementor-element-79f90fa ohm-heading elementor-widget elementor-widget-heading\" data-id=\"79f90fa\" data-element_type=\"widget\" data-widget_type=\"heading.default\">\n\t\t\t\t<div class=\"elementor-widget-container\">\n\t\t\t<h3 class=\"elementor-heading-title elementor-size-default\">Les piscines<\/h3>\t\t<\/div>\n\t\t\t\t<\/div>\n\t\t\t\t<div class=\"elementor-element elementor-element-66b6fa0b ohm-text elementor-widget elementor-widget-text-editor\" data-id=\"66b6fa0b\" data-element_type=\"widget\" data-widget_type=\"text-editor.default\">\n\t\t\t\t<div class=\"elementor-widget-container\">\n\t\t\t\t\t\t\t<p><span data-sheets-value=\"{\" data-sheets-userformat=\"{\">L&#8217;hotel disposa de dues piscines, una situada al costat del restaurant Tres Margarit i l&#8217;altra situada a la zona de Da.li. Disposem de servei de tovalloles, para-sols i \u00e0mplies gandules perqu\u00e8 el seu temps a les piscines sigui perfecte.<\/span><\/p><p>Horari de 10.00H \u2013 20.00H a partir del 15.04.2022 i fins al 15.10.2022.*<\/p><p>\u00a0<\/p><p>*L&#8217;horari de vigil\u00e0ncia en la piscina ser\u00e0 de 10.00H a 18.00H.<\/p>\t\t\t\t\t\t<\/div>\n\t\t\t\t<\/div>\n\t\t\t\t\t<\/div>\n\t\t<\/div>\n\t\t\t\t\t<\/div>\n\t\t<\/section>\n\t\t\t\t<section data-particle_enable=\"false\" data-particle-mobile-disabled=\"false\" class=\"elementor-section elementor-inner-section elementor-element elementor-element-45c7f73 ohm-rooms-card ohm-dragon-line elementor-reverse-mobile elementor-section-full_width elementor-section-height-default elementor-section-height-default elementor-invisible\" data-id=\"45c7f73\" data-element_type=\"section\" data-settings=\"{&quot;animation&quot;:&quot;fadeIn&quot;}\">\n\t\t\t\t\t\t<div class=\"elementor-container elementor-column-gap-default\">\n\t\t\t\t\t<div class=\"elementor-column elementor-col-50 elementor-inner-column elementor-element elementor-element-5f6ffdb ohm-description-col\" data-id=\"5f6ffdb\" data-element_type=\"column\">\n\t\t\t<div class=\"elementor-widget-wrap elementor-element-populated\">\n\t\t\t\t\t\t<div class=\"elementor-element elementor-element-7eed8cc ohm-heading elementor-widget elementor-widget-heading\" data-id=\"7eed8cc\" data-element_type=\"widget\" data-widget_type=\"heading.default\">\n\t\t\t\t<div class=\"elementor-widget-container\">\n\t\t\t<h3 class=\"elementor-heading-title elementor-size-default\">La batalla de Waterloo<\/h3>\t\t<\/div>\n\t\t\t\t<\/div>\n\t\t\t\t<div class=\"elementor-element elementor-element-653d668 ohm-subheading elementor-widget elementor-widget-heading\" data-id=\"653d668\" data-element_type=\"widget\" data-widget_type=\"heading.default\">\n\t\t\t\t<div class=\"elementor-widget-container\">\n\t\t\t<h3 class=\"elementor-heading-title elementor-size-default\">Sobre Castell d'Empord\u00e0<\/h3>\t\t<\/div>\n\t\t\t\t<\/div>\n\t\t\t\t<div class=\"elementor-element elementor-element-a7dceb7 ohm-text elementor-widget elementor-widget-text-editor\" data-id=\"a7dceb7\" data-element_type=\"widget\" data-widget_type=\"text-editor.default\">\n\t\t\t\t<div class=\"elementor-widget-container\">\n\t\t\t\t\t\t\t<p><span data-sheets-value=\"{&quot;1&quot;:2,&quot;2&quot;:&quot;El fil conductor entre Castell d\u2019Empord\u00e0 i Napole\u00f3 \u00e9s l\u2019Albert. Va construir la maqueta m\u00e9s gran d\u2019Europa de la Batalla de Waterloo i, per a acabar l\u2019obra, avui situada al bell mig del castell, li van caldre m\u00e9s de 20 anys. En la representaci\u00f3, de 18 metres quadrats, hi ha 2.000 soldats de joguina i cap a 500 cavalls; tots pintats a m\u00e0.\\n\\nLa d\u00e8ria de construir la maqueta t\u00e9 a veure amb la hist\u00f2ria de la fam\u00edlia de l\u2019Albert. Conservava del seu rebesavi, un veter\u00e0 de la Gran Armada de Napole\u00f3, un diari on explicava les seves aventures amb l\u2019emperador. Albert tamb\u00e9 va construir una maqueta de Castell d\u2019Empord\u00e0 que reviu el setge del segle XI. \u00c9s a la primera planta, just a sobre de la recepci\u00f3 de l\u2019hotel.&quot;}\" data-sheets-userformat=\"{&quot;2&quot;:769,&quot;3&quot;:{&quot;1&quot;:0},&quot;11&quot;:4,&quot;12&quot;:0}\">El fil conductor entre Castell d\u2019Empord\u00e0 i Napole\u00f3 \u00e9s l\u2019Albert. Va construir la maqueta m\u00e9s gran d\u2019Europa de la Batalla de Waterloo i, per a acabar l\u2019obra, avui situada al bell mig del castell, li van caldre m\u00e9s de 20 anys. En la representaci\u00f3, de 18 metres quadrats, hi ha 2.000 soldats de joguina i cap a 500 cavalls; tots pintats a m\u00e0.<\/span><\/p>\n<p>La d\u00e8ria de construir la maqueta t\u00e9 a veure amb la hist\u00f2ria de la fam\u00edlia de l\u2019Albert. Conservava del seu rebesavi, un veter\u00e0 de la Gran Armada de Napole\u00f3, un diari on explicava les seves aventures amb l\u2019emperador. Albert tamb\u00e9 va construir una maqueta de Castell d\u2019Empord\u00e0 que reviu el setge del segle XI. \u00c9s a la primera planta, just a sobre de la recepci\u00f3 de l\u2019hotel.<\/p>\n\t\t\t\t\t\t<\/div>\n\t\t\t\t<\/div>\n\t\t\t\t\t<\/div>\n\t\t<\/div>\n\t\t\t\t<div class=\"elementor-column elementor-col-50 elementor-inner-column elementor-element elementor-element-59890f0 ohm-rooms-lighbox-single-img\" data-id=\"59890f0\" data-element_type=\"column\">\n\t\t\t<div class=\"elementor-widget-wrap elementor-element-populated\">\n\t\t\t\t\t\t<div class=\"elementor-element elementor-element-1ba0283 ohm-rooms-image-slider  elementor-arrows-position-inside elementor-pagination-position-outside elementor-widget elementor-widget-image-carousel\" data-id=\"1ba0283\" data-element_type=\"widget\" data-settings=\"{&quot;slides_to_show&quot;:&quot;1&quot;,&quot;autoplay&quot;:&quot;no&quot;,&quot;navigation&quot;:&quot;both&quot;,&quot;infinite&quot;:&quot;yes&quot;,&quot;effect&quot;:&quot;slide&quot;,&quot;speed&quot;:500}\" data-widget_type=\"image-carousel.default\">\n\t\t\t\t<div class=\"elementor-widget-container\">\n\t\t\t\t\t<div class=\"elementor-image-carousel-wrapper swiper\" dir=\"ltr\">\n\t\t\t<div class=\"elementor-image-carousel swiper-wrapper swiper-image-stretch\" aria-live=\"polite\">\n\t\t\t\t\t\t\t\t<div class=\"swiper-slide\" role=\"group\" aria-roledescription=\"slide\" aria-label=\"1 de 3\"><a data-elementor-open-lightbox=\"yes\" data-elementor-lightbox-slideshow=\"1ba0283\" data-elementor-lightbox-title=\"battle-of-Waterloo\" data-e-action-hash=\"#elementor-action%3Aaction%3Dlightbox%26settings%3DeyJpZCI6Mzg0NCwidXJsIjoiaHR0cHM6XC9cL2hvdGVsY2FzdGVsbGVtcG9yZGEuY29tXC93cC1jb250ZW50XC91cGxvYWRzXC8yMDIyXC8wMlwvYmF0dGxlLW9mLVdhdGVybG9vLmpwZyIsInNsaWRlc2hvdyI6IjFiYTAyODMifQ%3D%3D\" href=\"https:\/\/hotelcastellemporda.com\/wp-content\/uploads\/2022\/02\/battle-of-Waterloo.jpg\"><figure class=\"swiper-slide-inner\"><img decoding=\"async\" class=\"swiper-slide-image\" src=\"https:\/\/hotelcastellemporda.com\/wp-content\/uploads\/2022\/02\/battle-of-Waterloo-1024x667.jpg\" alt=\"battle-of-Waterloo\" \/><\/figure><\/a><\/div><div class=\"swiper-slide\" role=\"group\" aria-roledescription=\"slide\" aria-label=\"2 de 3\"><a data-elementor-open-lightbox=\"yes\" data-elementor-lightbox-slideshow=\"1ba0283\" data-elementor-lightbox-title=\"RobertAarts_06-110713_055_Full-res.jpg\" data-e-action-hash=\"#elementor-action%3Aaction%3Dlightbox%26settings%3DeyJpZCI6Mzg0NywidXJsIjoiaHR0cHM6XC9cL2hvdGVsY2FzdGVsbGVtcG9yZGEuY29tXC93cC1jb250ZW50XC91cGxvYWRzXC8yMDIyXC8wMlwvUm9iZXJ0QWFydHNfMDYtMTEwNzEzXzA1NV9GdWxsLXJlcy5qcGctc2NhbGVkLmpwZyIsInNsaWRlc2hvdyI6IjFiYTAyODMifQ%3D%3D\" href=\"https:\/\/hotelcastellemporda.com\/wp-content\/uploads\/2022\/02\/RobertAarts_06-110713_055_Full-res.jpg-scaled.jpg\"><figure class=\"swiper-slide-inner\"><img decoding=\"async\" class=\"swiper-slide-image\" src=\"https:\/\/hotelcastellemporda.com\/wp-content\/uploads\/2022\/02\/RobertAarts_06-110713_055_Full-res.jpg-1024x682.jpg\" alt=\"RobertAarts_06-110713_055_Full-res.jpg\" \/><\/figure><\/a><\/div><div class=\"swiper-slide\" role=\"group\" aria-roledescription=\"slide\" aria-label=\"3 de 3\"><a data-elementor-open-lightbox=\"yes\" data-elementor-lightbox-slideshow=\"1ba0283\" data-elementor-lightbox-title=\"NapoleonPak_ZwarteAchtergrond_Vertikaal_Full-res\" data-e-action-hash=\"#elementor-action%3Aaction%3Dlightbox%26settings%3DeyJpZCI6Mzg1MCwidXJsIjoiaHR0cHM6XC9cL2hvdGVsY2FzdGVsbGVtcG9yZGEuY29tXC93cC1jb250ZW50XC91cGxvYWRzXC8yMDIyXC8wMlwvTmFwb2xlb25QYWtfWndhcnRlQWNodGVyZ3JvbmRfVmVydGlrYWFsX0Z1bGwtcmVzLXNjYWxlZC5qcGciLCJzbGlkZXNob3ciOiIxYmEwMjgzIn0%3D\" href=\"https:\/\/hotelcastellemporda.com\/wp-content\/uploads\/2022\/02\/NapoleonPak_ZwarteAchtergrond_Vertikaal_Full-res-scaled.jpg\"><figure class=\"swiper-slide-inner\"><img decoding=\"async\" class=\"swiper-slide-image\" src=\"https:\/\/hotelcastellemporda.com\/wp-content\/uploads\/2022\/02\/NapoleonPak_ZwarteAchtergrond_Vertikaal_Full-res-696x1024.jpg\" alt=\"NapoleonPak_ZwarteAchtergrond_Vertikaal_Full-res\" \/><\/figure><\/a><\/div>\t\t\t<\/div>\n\t\t\t\t\t\t\t\t\t\t\t\t<div class=\"elementor-swiper-button elementor-swiper-button-prev\" role=\"button\" tabindex=\"0\">\n\t\t\t\t\t\t<i aria-hidden=\"true\" class=\"eicon-chevron-left\"><\/i>\t\t\t\t\t<\/div>\n\t\t\t\t\t<div class=\"elementor-swiper-button elementor-swiper-button-next\" role=\"button\" tabindex=\"0\">\n\t\t\t\t\t\t<i aria-hidden=\"true\" class=\"eicon-chevron-right\"><\/i>\t\t\t\t\t<\/div>\n\t\t\t\t\n\t\t\t\t\t\t\t\t\t<div class=\"swiper-pagination\"><\/div>\n\t\t\t\t\t\t\t\t\t<\/div>\n\t\t\t\t<\/div>\n\t\t\t\t<\/div>\n\t\t\t\t\t<\/div>\n\t\t<\/div>\n\t\t\t\t\t<\/div>\n\t\t<\/section>\n\t\t\t\t<div class=\"elementor-element elementor-element-9309c18 elementor-widget elementor-widget-spacer\" data-id=\"9309c18\" data-element_type=\"widget\" data-widget_type=\"spacer.default\">\n\t\t\t\t<div class=\"elementor-widget-container\">\n\t\t\t\t\t<div class=\"elementor-spacer\">\n\t\t\t<div class=\"elementor-spacer-inner\"><\/div>\n\t\t<\/div>\n\t\t\t\t<\/div>\n\t\t\t\t<\/div>\n\t\t\t\t\t<\/div>\n\t\t<\/div>\n\t\t\t\t\t<\/div>\n\t\t<\/section>\n\t\t\t\t<section data-particle_enable=\"false\" data-particle-mobile-disabled=\"false\" class=\"elementor-section elementor-top-section elementor-element elementor-element-3745086f elementor-section-full_width ohm-full-width-video-warpper elementor-section-height-default elementor-section-height-default\" data-id=\"3745086f\" data-element_type=\"section\" data-settings=\"{&quot;background_background&quot;:&quot;video&quot;,&quot;background_video_link&quot;:&quot;https:\\\/\\\/vimeo.com\\\/130071476&quot;,&quot;background_play_on_mobile&quot;:&quot;yes&quot;}\">\n\t\t\t\t\t\t\t\t<div class=\"elementor-background-video-container\">\n\t\t\t\t\t\t\t\t\t\t\t\t\t<div class=\"elementor-background-video-embed\"><\/div>\n\t\t\t\t\t\t\t\t\t\t\t\t<\/div>\n\t\t\t\t\t\t\t\t<div class=\"elementor-container elementor-column-gap-default\">\n\t\t\t\t\t<div class=\"elementor-column elementor-col-100 elementor-top-column elementor-element elementor-element-e83c2b2\" data-id=\"e83c2b2\" data-element_type=\"column\">\n\t\t\t<div class=\"elementor-widget-wrap\">\n\t\t\t\t\t\t\t<\/div>\n\t\t<\/div>\n\t\t\t\t\t<\/div>\n\t\t<\/section>\n\t\t\t\t<\/div>\n\t\t","protected":false},"excerpt":{"rendered":"<p>LA NOSTRA HIST\u00d2RIA Sobre Castell d&#8217;Empord\u00e0 La hist\u00f2ria mor quan no es pot reviure. Per aix\u00f2, el llegat cultural del territori es conserva molt millor a Castell d\u2019Empord\u00e0 que en altres castells privats inaccessibles o en museus sovint est\u00e0tics. Durant l\u2019estada quedareu impregnats a l\u2019instant de la hist\u00f2ria antiga de Castell d\u2019Empord\u00e0. No caldran confer\u00e8ncies [&hellip;]<\/p>\n","protected":false},"author":22,"featured_media":0,"parent":0,"menu_order":0,"comment_status":"closed","ping_status":"closed","template":"","meta":{"_acf_changed":false,"footnotes":""},"class_list":["post-7446","page","type-page","status-publish","hentry"],"acf":[],"yoast_head":"<!-- This site is optimized with the Yoast SEO plugin v25.3.1 - https:\/\/yoast.com\/wordpress\/plugins\/seo\/ -->\n<title>El Castell - Hotel Castell DEmporda<\/title>\n<meta name=\"description\" content=\"El maravilloso entorno donde se encuentra el Hotel, junto con sus privilegiadas vistas, convierten al Hotel Castell d&#039;Empord\u00e0 en uno de los hoteles con m\u00e1s encanto de toda la Costa Brava.\" \/>\n<meta name=\"robots\" content=\"index, follow, max-snippet:-1, max-image-preview:large, max-video-preview:-1\" \/>\n<link rel=\"canonical\" href=\"https:\/\/hotelcastellemporda.com\/ca\/hotel\/\" \/>\n<meta property=\"og:locale\" content=\"ca_ES\" \/>\n<meta property=\"og:type\" content=\"article\" \/>\n<meta property=\"og:title\" content=\"El Castell - Hotel Castell DEmporda\" \/>\n<meta property=\"og:description\" content=\"El maravilloso entorno donde se encuentra el Hotel, junto con sus privilegiadas vistas, convierten al Hotel Castell d&#039;Empord\u00e0 en uno de los hoteles con m\u00e1s encanto de toda la Costa Brava.\" \/>\n<meta property=\"og:url\" content=\"https:\/\/hotelcastellemporda.com\/ca\/hotel\/\" \/>\n<meta property=\"og:site_name\" content=\"Hotel Castell DEmporda\" \/>\n<meta property=\"article:modified_time\" content=\"2024-07-30T14:23:12+00:00\" \/>\n<meta property=\"og:image\" content=\"https:\/\/hotelcastellemporda.com\/wp-content\/uploads\/2022\/02\/Castell-dEmporda-Pool-1024x683.jpg\" \/>\n<meta name=\"twitter:card\" content=\"summary_large_image\" \/>\n<meta name=\"twitter:label1\" content=\"Temps estimat de lectura\" \/>\n\t<meta name=\"twitter:data1\" content=\"5 minuts\" \/>\n<script type=\"application\/ld+json\" class=\"yoast-schema-graph\">{\"@context\":\"https:\/\/schema.org\",\"@graph\":[{\"@type\":\"WebPage\",\"@id\":\"https:\/\/hotelcastellemporda.com\/ca\/hotel\/\",\"url\":\"https:\/\/hotelcastellemporda.com\/ca\/hotel\/\",\"name\":\"El Castell - Hotel Castell DEmporda\",\"isPartOf\":{\"@id\":\"https:\/\/hotelcastellemporda.com\/ca\/#website\"},\"primaryImageOfPage\":{\"@id\":\"https:\/\/hotelcastellemporda.com\/ca\/hotel\/#primaryimage\"},\"image\":{\"@id\":\"https:\/\/hotelcastellemporda.com\/ca\/hotel\/#primaryimage\"},\"thumbnailUrl\":\"https:\/\/hotelcastellemporda.com\/wp-content\/uploads\/2022\/02\/Castell-dEmporda-Pool-1024x683.jpg\",\"datePublished\":\"2022-02-25T10:09:19+00:00\",\"dateModified\":\"2024-07-30T14:23:12+00:00\",\"description\":\"El maravilloso entorno donde se encuentra el Hotel, junto con sus privilegiadas vistas, convierten al Hotel Castell d'Empord\u00e0 en uno de los hoteles con m\u00e1s encanto de toda la Costa Brava.\",\"breadcrumb\":{\"@id\":\"https:\/\/hotelcastellemporda.com\/ca\/hotel\/#breadcrumb\"},\"inLanguage\":\"ca\",\"potentialAction\":[{\"@type\":\"ReadAction\",\"target\":[\"https:\/\/hotelcastellemporda.com\/ca\/hotel\/\"]}]},{\"@type\":\"ImageObject\",\"inLanguage\":\"ca\",\"@id\":\"https:\/\/hotelcastellemporda.com\/ca\/hotel\/#primaryimage\",\"url\":\"https:\/\/hotelcastellemporda.com\/wp-content\/uploads\/2022\/02\/Castell-dEmporda-Pool-1024x683.jpg\",\"contentUrl\":\"https:\/\/hotelcastellemporda.com\/wp-content\/uploads\/2022\/02\/Castell-dEmporda-Pool-1024x683.jpg\"},{\"@type\":\"BreadcrumbList\",\"@id\":\"https:\/\/hotelcastellemporda.com\/ca\/hotel\/#breadcrumb\",\"itemListElement\":[{\"@type\":\"ListItem\",\"position\":1,\"name\":\"Home\",\"item\":\"https:\/\/hotelcastellemporda.com\/ca\/\"},{\"@type\":\"ListItem\",\"position\":2,\"name\":\"El Castell\"}]},{\"@type\":\"WebSite\",\"@id\":\"https:\/\/hotelcastellemporda.com\/ca\/#website\",\"url\":\"https:\/\/hotelcastellemporda.com\/ca\/\",\"name\":\"Hotel Castell DEmporda\",\"description\":\"Hotel Castell DEmporda\",\"publisher\":{\"@id\":\"https:\/\/hotelcastellemporda.com\/ca\/#organization\"},\"potentialAction\":[{\"@type\":\"SearchAction\",\"target\":{\"@type\":\"EntryPoint\",\"urlTemplate\":\"https:\/\/hotelcastellemporda.com\/ca\/?s={search_term_string}\"},\"query-input\":{\"@type\":\"PropertyValueSpecification\",\"valueRequired\":true,\"valueName\":\"search_term_string\"}}],\"inLanguage\":\"ca\"},{\"@type\":\"Organization\",\"@id\":\"https:\/\/hotelcastellemporda.com\/ca\/#organization\",\"name\":\"Hotel Castell DEmporda\",\"url\":\"https:\/\/hotelcastellemporda.com\/ca\/\",\"logo\":{\"@type\":\"ImageObject\",\"inLanguage\":\"ca\",\"@id\":\"https:\/\/hotelcastellemporda.com\/ca\/#\/schema\/logo\/image\/\",\"url\":\"https:\/\/hotelcastellemporda.com\/wp-content\/uploads\/2022\/01\/logo-castell-demporda.png\",\"contentUrl\":\"https:\/\/hotelcastellemporda.com\/wp-content\/uploads\/2022\/01\/logo-castell-demporda.png\",\"width\":130,\"height\":97,\"caption\":\"Hotel Castell DEmporda\"},\"image\":{\"@id\":\"https:\/\/hotelcastellemporda.com\/ca\/#\/schema\/logo\/image\/\"}}]}<\/script>\n<!-- \/ Yoast SEO plugin. -->","yoast_head_json":{"title":"El Castell - Hotel Castell DEmporda","description":"El maravilloso entorno donde se encuentra el Hotel, junto con sus privilegiadas vistas, convierten al Hotel Castell d'Empord\u00e0 en uno de los hoteles con m\u00e1s encanto de toda la Costa Brava.","robots":{"index":"index","follow":"follow","max-snippet":"max-snippet:-1","max-image-preview":"max-image-preview:large","max-video-preview":"max-video-preview:-1"},"canonical":"https:\/\/hotelcastellemporda.com\/ca\/hotel\/","og_locale":"ca_ES","og_type":"article","og_title":"El Castell - Hotel Castell DEmporda","og_description":"El maravilloso entorno donde se encuentra el Hotel, junto con sus privilegiadas vistas, convierten al Hotel Castell d'Empord\u00e0 en uno de los hoteles con m\u00e1s encanto de toda la Costa Brava.","og_url":"https:\/\/hotelcastellemporda.com\/ca\/hotel\/","og_site_name":"Hotel Castell DEmporda","article_modified_time":"2024-07-30T14:23:12+00:00","og_image":[{"url":"https:\/\/hotelcastellemporda.com\/wp-content\/uploads\/2022\/02\/Castell-dEmporda-Pool-1024x683.jpg","type":"","width":"","height":""}],"twitter_card":"summary_large_image","twitter_misc":{"Temps estimat de lectura":"5 minuts"},"schema":{"@context":"https:\/\/schema.org","@graph":[{"@type":"WebPage","@id":"https:\/\/hotelcastellemporda.com\/ca\/hotel\/","url":"https:\/\/hotelcastellemporda.com\/ca\/hotel\/","name":"El Castell - Hotel Castell DEmporda","isPartOf":{"@id":"https:\/\/hotelcastellemporda.com\/ca\/#website"},"primaryImageOfPage":{"@id":"https:\/\/hotelcastellemporda.com\/ca\/hotel\/#primaryimage"},"image":{"@id":"https:\/\/hotelcastellemporda.com\/ca\/hotel\/#primaryimage"},"thumbnailUrl":"https:\/\/hotelcastellemporda.com\/wp-content\/uploads\/2022\/02\/Castell-dEmporda-Pool-1024x683.jpg","datePublished":"2022-02-25T10:09:19+00:00","dateModified":"2024-07-30T14:23:12+00:00","description":"El maravilloso entorno donde se encuentra el Hotel, junto con sus privilegiadas vistas, convierten al Hotel Castell d'Empord\u00e0 en uno de los hoteles con m\u00e1s encanto de toda la Costa Brava.","breadcrumb":{"@id":"https:\/\/hotelcastellemporda.com\/ca\/hotel\/#breadcrumb"},"inLanguage":"ca","potentialAction":[{"@type":"ReadAction","target":["https:\/\/hotelcastellemporda.com\/ca\/hotel\/"]}]},{"@type":"ImageObject","inLanguage":"ca","@id":"https:\/\/hotelcastellemporda.com\/ca\/hotel\/#primaryimage","url":"https:\/\/hotelcastellemporda.com\/wp-content\/uploads\/2022\/02\/Castell-dEmporda-Pool-1024x683.jpg","contentUrl":"https:\/\/hotelcastellemporda.com\/wp-content\/uploads\/2022\/02\/Castell-dEmporda-Pool-1024x683.jpg"},{"@type":"BreadcrumbList","@id":"https:\/\/hotelcastellemporda.com\/ca\/hotel\/#breadcrumb","itemListElement":[{"@type":"ListItem","position":1,"name":"Home","item":"https:\/\/hotelcastellemporda.com\/ca\/"},{"@type":"ListItem","position":2,"name":"El Castell"}]},{"@type":"WebSite","@id":"https:\/\/hotelcastellemporda.com\/ca\/#website","url":"https:\/\/hotelcastellemporda.com\/ca\/","name":"Hotel Castell DEmporda","description":"Hotel Castell DEmporda","publisher":{"@id":"https:\/\/hotelcastellemporda.com\/ca\/#organization"},"potentialAction":[{"@type":"SearchAction","target":{"@type":"EntryPoint","urlTemplate":"https:\/\/hotelcastellemporda.com\/ca\/?s={search_term_string}"},"query-input":{"@type":"PropertyValueSpecification","valueRequired":true,"valueName":"search_term_string"}}],"inLanguage":"ca"},{"@type":"Organization","@id":"https:\/\/hotelcastellemporda.com\/ca\/#organization","name":"Hotel Castell DEmporda","url":"https:\/\/hotelcastellemporda.com\/ca\/","logo":{"@type":"ImageObject","inLanguage":"ca","@id":"https:\/\/hotelcastellemporda.com\/ca\/#\/schema\/logo\/image\/","url":"https:\/\/hotelcastellemporda.com\/wp-content\/uploads\/2022\/01\/logo-castell-demporda.png","contentUrl":"https:\/\/hotelcastellemporda.com\/wp-content\/uploads\/2022\/01\/logo-castell-demporda.png","width":130,"height":97,"caption":"Hotel Castell DEmporda"},"image":{"@id":"https:\/\/hotelcastellemporda.com\/ca\/#\/schema\/logo\/image\/"}}]}},"_links":{"self":[{"href":"https:\/\/hotelcastellemporda.com\/ca\/wp-json\/wp\/v2\/pages\/7446","targetHints":{"allow":["GET"]}}],"collection":[{"href":"https:\/\/hotelcastellemporda.com\/ca\/wp-json\/wp\/v2\/pages"}],"about":[{"href":"https:\/\/hotelcastellemporda.com\/ca\/wp-json\/wp\/v2\/types\/page"}],"author":[{"embeddable":true,"href":"https:\/\/hotelcastellemporda.com\/ca\/wp-json\/wp\/v2\/users\/22"}],"replies":[{"embeddable":true,"href":"https:\/\/hotelcastellemporda.com\/ca\/wp-json\/wp\/v2\/comments?post=7446"}],"version-history":[{"count":0,"href":"https:\/\/hotelcastellemporda.com\/ca\/wp-json\/wp\/v2\/pages\/7446\/revisions"}],"wp:attachment":[{"href":"https:\/\/hotelcastellemporda.com\/ca\/wp-json\/wp\/v2\/media?parent=7446"}],"curies":[{"name":"wp","href":"https:\/\/api.w.org\/{rel}","templated":true}]}}