{"id":7363,"date":"2022-02-24T16:00:02","date_gmt":"2022-02-24T16:00:02","guid":{"rendered":"https:\/\/hotelcastellemporda.com\/alrededores\/triangulo-de-dali-y-pueblos-medievales\/"},"modified":"2022-06-05T09:10:32","modified_gmt":"2022-06-05T09:10:32","slug":"villages-medievaux-et-dali","status":"publish","type":"page","link":"https:\/\/hotelcastellemporda.com\/fr\/environs\/villages-medievaux-et-dali\/","title":{"rendered":"Villages Medievaux et Dali"},"content":{"rendered":"\t\t<div data-elementor-type=\"wp-page\" data-elementor-id=\"7363\" class=\"elementor elementor-7363 elementor-7008\" data-elementor-post-type=\"page\">\n\t\t\t\t\t\t<section data-particle_enable=\"false\" data-particle-mobile-disabled=\"false\" class=\"elementor-section elementor-top-section elementor-element elementor-element-49f42bd3 elementor-section-height-min-height elementor-section-items-top ohm-templ-hero-image-slider elementor-section-boxed elementor-section-height-default\" data-id=\"49f42bd3\" data-element_type=\"section\" data-settings=\"{&quot;background_background&quot;:&quot;classic&quot;}\">\n\t\t\t\t\t\t\t<div class=\"elementor-background-overlay\"><\/div>\n\t\t\t\t\t\t\t<div class=\"elementor-container elementor-column-gap-default\">\n\t\t\t\t\t<div class=\"elementor-column elementor-col-100 elementor-top-column elementor-element elementor-element-159d7508\" data-id=\"159d7508\" data-element_type=\"column\">\n\t\t\t<div class=\"elementor-widget-wrap\">\n\t\t\t\t\t\t\t<\/div>\n\t\t<\/div>\n\t\t\t\t\t<\/div>\n\t\t<\/section>\n\t\t\t\t<section data-particle_enable=\"false\" data-particle-mobile-disabled=\"false\" class=\"elementor-section elementor-top-section elementor-element elementor-element-1aa82043 elementor-section-full_width ohm-templ-intro-section ohm-templ-intro-section-with-btns elementor-section-height-default elementor-section-height-default elementor-invisible\" data-id=\"1aa82043\" data-element_type=\"section\" data-settings=\"{&quot;animation&quot;:&quot;fadeIn&quot;,&quot;background_background&quot;:&quot;classic&quot;}\">\n\t\t\t\t\t\t<div class=\"elementor-container elementor-column-gap-default\">\n\t\t\t\t\t<div class=\"elementor-column elementor-col-100 elementor-top-column elementor-element elementor-element-495b6c3c\" data-id=\"495b6c3c\" data-element_type=\"column\">\n\t\t\t<div class=\"elementor-widget-wrap elementor-element-populated\">\n\t\t\t\t\t\t<section data-particle_enable=\"false\" data-particle-mobile-disabled=\"false\" class=\"elementor-section elementor-inner-section elementor-element elementor-element-54ef5fd6 elementor-section-boxed elementor-section-height-default elementor-section-height-default elementor-invisible\" data-id=\"54ef5fd6\" data-element_type=\"section\" data-settings=\"{&quot;animation&quot;:&quot;fadeIn&quot;,&quot;animation_delay&quot;:0.5}\">\n\t\t\t\t\t\t<div class=\"elementor-container elementor-column-gap-default\">\n\t\t\t\t\t<div class=\"elementor-column elementor-col-100 elementor-inner-column elementor-element elementor-element-61d35620\" data-id=\"61d35620\" data-element_type=\"column\">\n\t\t\t<div class=\"elementor-widget-wrap elementor-element-populated\">\n\t\t\t\t\t\t<div class=\"elementor-element elementor-element-1cdbfb53 ohm-heading elementor-widget elementor-widget-heading\" data-id=\"1cdbfb53\" data-element_type=\"widget\" data-widget_type=\"heading.default\">\n\t\t\t\t<div class=\"elementor-widget-container\">\n\t\t\t<h1 class=\"elementor-heading-title elementor-size-default\">Le Triangle de Dali <\/h1>\t\t<\/div>\n\t\t\t\t<\/div>\n\t\t\t\t<div class=\"elementor-element elementor-element-53fbc216 ohm-text elementor-widget elementor-widget-text-editor\" data-id=\"53fbc216\" data-element_type=\"widget\" data-widget_type=\"text-editor.default\">\n\t\t\t\t<div class=\"elementor-widget-container\">\n\t\t\t\t\t\t\t<p><span data-sheets-value=\"{&quot;1&quot;:2,&quot;2&quot;:&quot;L\u2019Ampurdan ou Empord\u00e0 en catalan est consid\u00e9r\u00e9 comme le triangle d\u2019or de Dal\u00ed, car on y trouve les trois enclaves les plus importantes du g\u00e9nie surr\u00e9aliste. Aux environs du Castell d\u2019Empord\u00e0, vous pourrez visiter:\\n\\n1. Th\u00e9\u00e2tre Mus\u00e9e Dal\u00ed \u00e0 Figueres. Celui-ci abrite des objets qui portent la signature personnelle de Dal\u00ed y compris les b\u00e2timents annexes qui sont d\u00e9cor\u00e9es dans le style dalinien avec comme touche finale d\u2019\u00e9normes \u0153ufs.\\n\\n2. Maison Mus\u00e9e Castell Gala \u00e0 P\u00fabol. Le ch\u00e2teau que Dal\u00ed offrit \u00e0 sa femme Gala conserve l\u2019esprit de son propri\u00e9taire intact.\\n\\n3. Maison Mus\u00e9e Salvador Dal\u00ed \u00e0 Cadaqu\u00e9s. La fascinante maison dans laquelle Dal\u00ed v\u00e9cut aux c\u00f4t\u00e9s de Gala renferme des animaux diss\u00e9qu\u00e9s, une d\u00e9coration et bien d\u2019autres surprises.&quot;}\" data-sheets-userformat=\"{&quot;2&quot;:961,&quot;3&quot;:{&quot;1&quot;:0},&quot;9&quot;:0,&quot;10&quot;:1,&quot;11&quot;:4,&quot;12&quot;:0}\">L\u2019Ampurdan ou Empord\u00e0 en catalan est consid\u00e9r\u00e9 comme le triangle d\u2019or de Dal\u00ed, car on y trouve les trois enclaves les plus importantes du g\u00e9nie surr\u00e9aliste. Aux environs du Castell d\u2019Empord\u00e0, vous pourrez visiter:<\/p>\n<p><strong>1. Th\u00e9\u00e2tre Mus\u00e9e Dal\u00ed \u00e0 Figueres.<\/strong><br \/>\nCelui-ci abrite des objets qui portent la signature personnelle de Dal\u00ed y compris les b\u00e2timents annexes qui sont d\u00e9cor\u00e9es dans le style dalinien avec comme touche finale d\u2019\u00e9normes \u0153ufs.<\/p>\n<p><strong>2. Maison Mus\u00e9e Castell Gala \u00e0 P\u00fabol.<\/strong><br \/>\nLe ch\u00e2teau que Dal\u00ed offrit \u00e0 sa femme Gala conserve l\u2019esprit de son propri\u00e9taire intact.<\/p>\n<p><strong>3. Maison Mus\u00e9e Salvador Dal\u00ed \u00e0 Cadaqu\u00e9s.<\/strong><br \/>\nLa fascinante maison dans laquelle Dal\u00ed v\u00e9cut aux c\u00f4t\u00e9s de Gala renferme des animaux diss\u00e9qu\u00e9s, une d\u00e9coration et bien d\u2019autres surprises.<\/span><\/p>\n\t\t\t\t\t\t<\/div>\n\t\t\t\t<\/div>\n\t\t\t\t\t<\/div>\n\t\t<\/div>\n\t\t\t\t\t<\/div>\n\t\t<\/section>\n\t\t\t\t\t<\/div>\n\t\t<\/div>\n\t\t\t\t\t<\/div>\n\t\t<\/section>\n\t\t\t\t<section data-particle_enable=\"false\" data-particle-mobile-disabled=\"false\" class=\"elementor-section elementor-top-section elementor-element elementor-element-2ccd6eae elementor-section-full_width ohm-rooms-beneath-each-other-wrapper ohm-templ-blocks-beneath-each-other-alternating elementor-section-height-default elementor-section-height-default\" data-id=\"2ccd6eae\" data-element_type=\"section\">\n\t\t\t\t\t\t<div class=\"elementor-container elementor-column-gap-default\">\n\t\t\t\t\t<div class=\"elementor-column elementor-col-100 elementor-top-column elementor-element elementor-element-769c4b29\" data-id=\"769c4b29\" data-element_type=\"column\">\n\t\t\t<div class=\"elementor-widget-wrap elementor-element-populated\">\n\t\t\t\t\t\t<section data-particle_enable=\"false\" data-particle-mobile-disabled=\"false\" class=\"elementor-section elementor-inner-section elementor-element elementor-element-5e3429fb ohm-rooms-card ohm-dragon-line-width-dragon elementor-section-full_width elementor-section-height-default elementor-section-height-default elementor-invisible\" data-id=\"5e3429fb\" data-element_type=\"section\" data-settings=\"{&quot;animation&quot;:&quot;fadeIn&quot;}\">\n\t\t\t\t\t\t<div class=\"elementor-container elementor-column-gap-default\">\n\t\t\t\t\t<div class=\"elementor-column elementor-col-50 elementor-inner-column elementor-element elementor-element-ba439c9 ohm-rooms-lighbox-single-img\" data-id=\"ba439c9\" data-element_type=\"column\">\n\t\t\t<div class=\"elementor-widget-wrap elementor-element-populated\">\n\t\t\t\t\t\t<div class=\"elementor-element elementor-element-78cc03f4 ohm-rooms-image-slider   elementor-pagination-position-inside elementor-arrows-position-inside elementor-widget elementor-widget-image-carousel\" data-id=\"78cc03f4\" data-element_type=\"widget\" data-settings=\"{&quot;slides_to_show&quot;:&quot;1&quot;,&quot;autoplay&quot;:&quot;no&quot;,&quot;navigation&quot;:&quot;both&quot;,&quot;infinite&quot;:&quot;yes&quot;,&quot;effect&quot;:&quot;slide&quot;,&quot;speed&quot;:500}\" data-widget_type=\"image-carousel.default\">\n\t\t\t\t<div class=\"elementor-widget-container\">\n\t\t\t\t\t<div class=\"elementor-image-carousel-wrapper swiper\" dir=\"ltr\">\n\t\t\t<div class=\"elementor-image-carousel swiper-wrapper swiper-image-stretch\" aria-live=\"polite\">\n\t\t\t\t\t\t\t\t<div class=\"swiper-slide\" role=\"group\" aria-roledescription=\"slide\" aria-label=\"1 sur 1\"><a data-elementor-open-lightbox=\"yes\" data-elementor-lightbox-slideshow=\"78cc03f4\" data-elementor-lightbox-title=\"pueblos-medievales\" data-e-action-hash=\"#elementor-action%3Aaction%3Dlightbox%26settings%3DeyJpZCI6NzAyNSwidXJsIjoiaHR0cHM6XC9cL2hvdGVsY2FzdGVsbGVtcG9yZGEuY29tXC93cC1jb250ZW50XC91cGxvYWRzXC8yMDIyXC8wMlwvcHVlYmxvcy1tZWRpZXZhbGVzLmpwZWciLCJzbGlkZXNob3ciOiI3OGNjMDNmNCJ9\" href=\"https:\/\/hotelcastellemporda.com\/wp-content\/uploads\/2022\/02\/pueblos-medievales.jpeg\"><figure class=\"swiper-slide-inner\"><img decoding=\"async\" class=\"swiper-slide-image\" src=\"https:\/\/hotelcastellemporda.com\/wp-content\/uploads\/2022\/02\/pueblos-medievales-1024x683.jpeg\" alt=\"pueblos-medievales\" \/><\/figure><\/a><\/div>\t\t\t<\/div>\n\t\t\t\t\t<\/div>\n\t\t\t\t<\/div>\n\t\t\t\t<\/div>\n\t\t\t\t\t<\/div>\n\t\t<\/div>\n\t\t\t\t<div class=\"elementor-column elementor-col-50 elementor-inner-column elementor-element elementor-element-315ff7f5 ohm-description-col\" data-id=\"315ff7f5\" data-element_type=\"column\">\n\t\t\t<div class=\"elementor-widget-wrap elementor-element-populated\">\n\t\t\t\t\t\t<div class=\"elementor-element elementor-element-ce6d542 ohm-heading elementor-widget elementor-widget-heading\" data-id=\"ce6d542\" data-element_type=\"widget\" data-widget_type=\"heading.default\">\n\t\t\t\t<div class=\"elementor-widget-container\">\n\t\t\t<h3 class=\"elementor-heading-title elementor-size-default\">Villages m\u00e9di\u00e9vaux<\/h3>\t\t<\/div>\n\t\t\t\t<\/div>\n\t\t\t\t<div class=\"elementor-element elementor-element-733c8f4a ohm-text elementor-widget elementor-widget-text-editor\" data-id=\"733c8f4a\" data-element_type=\"widget\" data-widget_type=\"text-editor.default\">\n\t\t\t\t<div class=\"elementor-widget-container\">\n\t\t\t\t\t\t\t<p><span data-sheets-value=\"{&quot;1&quot;:2,&quot;2&quot;:&quot;La p\u00e9riode m\u00e9di\u00e9vale a eu une grande influence sur la r\u00e9gion de G\u00e9rone, une histoire forg\u00e9e par les grands monast\u00e8res et les petits comt\u00e9s ind\u00e9pendants, les ch\u00e2teaux et les \u00e9glises romanes ou gothiques. Vous pourrez vous impr\u00e9gner de cette histoire dans le vieux quartier de La Bisbal. petite ville fi\u00e8re de son ch\u00e2teau situ\u00e9 en plein centre, de ses maisons entour\u00e9es d\u2019arcades, d\u2019une jolie plaza mayor (grand-place) et d\u2019un ancien quartier juif.\\n\\nCes curiosit\u00e9s, aux c\u00f4t\u00e9s de trois villages voisins, Monells, Cru\u00eflles et Cor\u00e7\u00e0, constituent un itin\u00e9raire fort agr\u00e9able. Monells et Cru\u00eflles se trouvent \u00e0 seulement deux kilom\u00e8tres de La Bisbal. La place entour\u00e9e d\u2019arcades est la principale originalit\u00e9 de Monells. Madremanya offre un autre ensemble monumental charmant sans oublier Sant Mart\u00ed Vell qui conserve un pittoresque couronnement du gothique tardif. Toutes ces merveilles m\u00e9di\u00e9vales se succ\u00e8dent au fil d\u2019un m\u00eame parcours.&quot;}\" data-sheets-userformat=\"{&quot;2&quot;:897,&quot;3&quot;:{&quot;1&quot;:0},&quot;10&quot;:1,&quot;11&quot;:4,&quot;12&quot;:0}\">La p\u00e9riode m\u00e9di\u00e9vale a eu une grande influence sur la r\u00e9gion de G\u00e9rone, une histoire forg\u00e9e par les grands monast\u00e8res et les petits comt\u00e9s ind\u00e9pendants, les ch\u00e2teaux et les \u00e9glises romanes ou gothiques. Vous pourrez vous impr\u00e9gner de cette histoire dans le vieux quartier de La Bisbal. petite ville fi\u00e8re de son ch\u00e2teau situ\u00e9 en plein centre, de ses maisons entour\u00e9es d\u2019arcades, d\u2019une jolie plaza mayor (grand-place) et d\u2019un ancien quartier juif.<\/p>\n<p>Ces curiosit\u00e9s, aux c\u00f4t\u00e9s de trois villages voisins, Monells, Cru\u00eflles et Cor\u00e7\u00e0, constituent un itin\u00e9raire fort agr\u00e9able. Monells et Cru\u00eflles se trouvent \u00e0 seulement deux kilom\u00e8tres de La Bisbal. La place entour\u00e9e d\u2019arcades est la principale originalit\u00e9 de Monells. Madremanya offre un autre ensemble monumental charmant sans oublier Sant Mart\u00ed Vell qui conserve un pittoresque couronnement du gothique tardif. Toutes ces merveilles m\u00e9di\u00e9vales se succ\u00e8dent au fil d\u2019un m\u00eame parcours.<\/span><\/p>\n\t\t\t\t\t\t<\/div>\n\t\t\t\t<\/div>\n\t\t\t\t\t<\/div>\n\t\t<\/div>\n\t\t\t\t\t<\/div>\n\t\t<\/section>\n\t\t\t\t\t<\/div>\n\t\t<\/div>\n\t\t\t\t\t<\/div>\n\t\t<\/section>\n\t\t\t\t<section data-particle_enable=\"false\" data-particle-mobile-disabled=\"false\" class=\"elementor-section elementor-top-section elementor-element elementor-element-563f745 elementor-section-full_width ohm-heading-signature-wrapper elementor-section-height-default elementor-section-height-default\" data-id=\"563f745\" data-element_type=\"section\">\n\t\t\t\t\t\t<div class=\"elementor-container elementor-column-gap-default\">\n\t\t\t\t\t<div class=\"elementor-column elementor-col-100 elementor-top-column elementor-element elementor-element-943c697\" data-id=\"943c697\" data-element_type=\"column\">\n\t\t\t<div class=\"elementor-widget-wrap elementor-element-populated\">\n\t\t\t\t\t\t<section data-particle_enable=\"false\" data-particle-mobile-disabled=\"false\" class=\"elementor-section elementor-inner-section elementor-element elementor-element-3946cdf elementor-section-boxed elementor-section-height-default elementor-section-height-default\" data-id=\"3946cdf\" data-element_type=\"section\">\n\t\t\t\t\t\t<div class=\"elementor-container elementor-column-gap-default\">\n\t\t\t\t\t<div class=\"elementor-column elementor-col-100 elementor-inner-column elementor-element elementor-element-5dd397e\" data-id=\"5dd397e\" data-element_type=\"column\">\n\t\t\t<div class=\"elementor-widget-wrap elementor-element-populated\">\n\t\t\t\t\t\t<div class=\"elementor-element elementor-element-517cd0c ohm-heading elementor-widget elementor-widget-heading\" data-id=\"517cd0c\" data-element_type=\"widget\" data-widget_type=\"heading.default\">\n\t\t\t\t<div class=\"elementor-widget-container\">\n\t\t\t<h2 class=\"elementor-heading-title elementor-size-default\">Other must-sees<\/h2>\t\t<\/div>\n\t\t\t\t<\/div>\n\t\t\t\t\t<\/div>\n\t\t<\/div>\n\t\t\t\t\t<\/div>\n\t\t<\/section>\n\t\t\t\t\t<\/div>\n\t\t<\/div>\n\t\t\t\t\t<\/div>\n\t\t<\/section>\n\t\t\t\t<section data-particle_enable=\"false\" data-particle-mobile-disabled=\"false\" class=\"elementor-section elementor-top-section elementor-element elementor-element-705c5987 elementor-section-full_width ohm-templ-slider-gallery ohm-templ-slider-gallery-square elementor-section-height-default elementor-section-height-default\" data-id=\"705c5987\" data-element_type=\"section\">\n\t\t\t\t\t\t<div class=\"elementor-container elementor-column-gap-default\">\n\t\t\t\t\t<div class=\"elementor-column elementor-col-100 elementor-top-column elementor-element elementor-element-6d3cd710\" data-id=\"6d3cd710\" data-element_type=\"column\">\n\t\t\t<div class=\"elementor-widget-wrap elementor-element-populated\">\n\t\t\t\t\t\t<section data-particle_enable=\"false\" data-particle-mobile-disabled=\"false\" class=\"elementor-section elementor-inner-section elementor-element elementor-element-65915928 elementor-section-boxed elementor-section-height-default elementor-section-height-default\" data-id=\"65915928\" data-element_type=\"section\">\n\t\t\t\t\t\t<div class=\"elementor-container elementor-column-gap-default\">\n\t\t\t\t\t<div class=\"elementor-column elementor-col-100 elementor-inner-column elementor-element elementor-element-6b7f80f8\" data-id=\"6b7f80f8\" data-element_type=\"column\">\n\t\t\t<div class=\"elementor-widget-wrap elementor-element-populated\">\n\t\t\t\t\t\t<div class=\"elementor-element elementor-element-50680ba2 elementor--h-position-left elementor--v-position-bottom elementor-arrows-position-inside elementor-widget elementor-widget-slides\" data-id=\"50680ba2\" data-element_type=\"widget\" data-settings=\"{&quot;navigation&quot;:&quot;arrows&quot;,&quot;infinite&quot;:&quot;yes&quot;,&quot;transition&quot;:&quot;slide&quot;,&quot;transition_speed&quot;:500}\" data-widget_type=\"slides.default\">\n\t\t\t\t<div class=\"elementor-widget-container\">\n\t\t\t\t\t<div class=\"elementor-swiper\">\n\t\t\t<div class=\"elementor-slides-wrapper elementor-main-swiper swiper\" dir=\"ltr\" data-animation=\"fadeInUp\">\n\t\t\t\t<div class=\"swiper-wrapper elementor-slides\">\n\t\t\t\t\t\t\t\t\t\t<div class=\"elementor-repeater-item-a48fe77 swiper-slide\"><div class=\"swiper-slide-bg\" role=\"img\"><\/div><div class=\"swiper-slide-inner\" ><div class=\"swiper-slide-contents\"><div class=\"elementor-slide-description\"><p>Barcelona<\/p>\n<\/div><\/div><\/div><\/div><div class=\"elementor-repeater-item-1c0c1d7 swiper-slide\"><div class=\"swiper-slide-bg\" role=\"img\"><\/div><div class=\"swiper-slide-inner\" ><div class=\"swiper-slide-contents\"><div class=\"elementor-slide-description\"><p>Girona<\/p>\n<\/div><\/div><\/div><\/div><div class=\"elementor-repeater-item-8c51aba swiper-slide\"><div class=\"swiper-slide-bg\" role=\"img\"><\/div><div class=\"swiper-slide-inner\" ><div class=\"swiper-slide-contents\"><div class=\"elementor-slide-description\"><p><span data-sheets-value=\"{&quot;1&quot;:2,&quot;2&quot;:&quot;Les plages de la Costa Brava&quot;}\" data-sheets-userformat=\"{&quot;2&quot;:961,&quot;3&quot;:{&quot;1&quot;:0},&quot;9&quot;:0,&quot;10&quot;:1,&quot;11&quot;:4,&quot;12&quot;:0}\">Les plages de la Costa Brava<\/span><\/p>\n<\/div><\/div><\/div><\/div>\t\t\t\t<\/div>\n\t\t\t\t\t\t\t\t\t\t\t\t\t\t\t\t\t\t\t\t<div class=\"elementor-swiper-button elementor-swiper-button-prev\" role=\"button\" tabindex=\"0\">\n\t\t\t\t\t\t\t<i aria-hidden=\"true\" class=\"eicon-chevron-left\"><\/i>\t\t\t\t\t\t\t<span class=\"elementor-screen-only\">Diapositive pr\u00e9c\u00e9dente<\/span>\n\t\t\t\t\t\t<\/div>\n\t\t\t\t\t\t<div class=\"elementor-swiper-button elementor-swiper-button-next\" role=\"button\" tabindex=\"0\">\n\t\t\t\t\t\t\t<i aria-hidden=\"true\" class=\"eicon-chevron-right\"><\/i>\t\t\t\t\t\t\t<span class=\"elementor-screen-only\">Diapositive suivante<\/span>\n\t\t\t\t\t\t<\/div>\n\t\t\t\t\t\t\t\t\t\t\t\t<\/div>\n\t\t<\/div>\n\t\t\t\t<\/div>\n\t\t\t\t<\/div>\n\t\t\t\t\t<\/div>\n\t\t<\/div>\n\t\t\t\t\t<\/div>\n\t\t<\/section>\n\t\t\t\t\t<\/div>\n\t\t<\/div>\n\t\t\t\t\t<\/div>\n\t\t<\/section>\n\t\t\t\t<\/div>\n\t\t","protected":false},"excerpt":{"rendered":"<p>Le Triangle de Dali L\u2019Ampurdan ou Empord\u00e0 en catalan est consid\u00e9r\u00e9 comme le triangle d\u2019or de Da.Li, car on y trouve les trois enclaves les plus importantes du g\u00e9nie surr\u00e9aliste. Aux environs du Castell d\u2019Empord\u00e0, vous pourrez visiter: 1. Th\u00e9\u00e2tre Mus\u00e9e Da.Li \u00e0 Figueres. Celui-ci abrite des objets qui portent la signature personnelle de Da.Li [&hellip;]<\/p>\n","protected":false},"author":22,"featured_media":0,"parent":7316,"menu_order":0,"comment_status":"closed","ping_status":"closed","template":"","meta":{"_acf_changed":false,"footnotes":""},"class_list":["post-7363","page","type-page","status-publish","hentry"],"acf":[],"yoast_head":"<!-- This site is optimized with the Yoast SEO plugin v25.3.1 - https:\/\/yoast.com\/wordpress\/plugins\/seo\/ -->\n<title>Villages Medievaux et Dali - Hotel Castell DEmporda<\/title>\n<meta name=\"description\" content=\"The Costa Brava is the birthplace region of Salvador Da.Li. Here you will find the Da.Li Triangle: P\u00f9bol, Portlligat and Figueres. Read more.\" \/>\n<meta name=\"robots\" content=\"index, follow, max-snippet:-1, max-image-preview:large, max-video-preview:-1\" \/>\n<link rel=\"canonical\" href=\"https:\/\/hotelcastellemporda.com\/fr\/environs\/villages-medievaux-et-dali\/\" \/>\n<meta property=\"og:locale\" content=\"fr_FR\" \/>\n<meta property=\"og:type\" content=\"article\" \/>\n<meta property=\"og:title\" content=\"Villages Medievaux et Dali - Hotel Castell DEmporda\" \/>\n<meta property=\"og:description\" content=\"The Costa Brava is the birthplace region of Salvador Da.Li. Here you will find the Da.Li Triangle: P\u00f9bol, Portlligat and Figueres. Read more.\" \/>\n<meta property=\"og:url\" content=\"https:\/\/hotelcastellemporda.com\/fr\/environs\/villages-medievaux-et-dali\/\" \/>\n<meta property=\"og:site_name\" content=\"Hotel Castell DEmporda\" \/>\n<meta property=\"article:modified_time\" content=\"2022-06-05T09:10:32+00:00\" \/>\n<meta property=\"og:image\" content=\"https:\/\/hotelcastellemporda.com\/wp-content\/uploads\/2022\/02\/pueblos-medievales-1024x683.jpeg\" \/>\n<meta name=\"twitter:card\" content=\"summary_large_image\" \/>\n<meta name=\"twitter:label1\" content=\"Dur\u00e9e de lecture estim\u00e9e\" \/>\n\t<meta name=\"twitter:data1\" content=\"2 minutes\" \/>\n<script type=\"application\/ld+json\" class=\"yoast-schema-graph\">{\"@context\":\"https:\/\/schema.org\",\"@graph\":[{\"@type\":\"WebPage\",\"@id\":\"https:\/\/hotelcastellemporda.com\/fr\/environs\/villages-medievaux-et-dali\/\",\"url\":\"https:\/\/hotelcastellemporda.com\/fr\/environs\/villages-medievaux-et-dali\/\",\"name\":\"Villages Medievaux et Dali - Hotel Castell DEmporda\",\"isPartOf\":{\"@id\":\"https:\/\/hotelcastellemporda.com\/fr\/#website\"},\"primaryImageOfPage\":{\"@id\":\"https:\/\/hotelcastellemporda.com\/fr\/environs\/villages-medievaux-et-dali\/#primaryimage\"},\"image\":{\"@id\":\"https:\/\/hotelcastellemporda.com\/fr\/environs\/villages-medievaux-et-dali\/#primaryimage\"},\"thumbnailUrl\":\"https:\/\/hotelcastellemporda.com\/wp-content\/uploads\/2022\/02\/pueblos-medievales-1024x683.jpeg\",\"datePublished\":\"2022-02-24T16:00:02+00:00\",\"dateModified\":\"2022-06-05T09:10:32+00:00\",\"description\":\"The Costa Brava is the birthplace region of Salvador Da.Li. Here you will find the Da.Li Triangle: P\u00f9bol, Portlligat and Figueres. Read more.\",\"breadcrumb\":{\"@id\":\"https:\/\/hotelcastellemporda.com\/fr\/environs\/villages-medievaux-et-dali\/#breadcrumb\"},\"inLanguage\":\"fr-FR\",\"potentialAction\":[{\"@type\":\"ReadAction\",\"target\":[\"https:\/\/hotelcastellemporda.com\/fr\/environs\/villages-medievaux-et-dali\/\"]}]},{\"@type\":\"ImageObject\",\"inLanguage\":\"fr-FR\",\"@id\":\"https:\/\/hotelcastellemporda.com\/fr\/environs\/villages-medievaux-et-dali\/#primaryimage\",\"url\":\"https:\/\/hotelcastellemporda.com\/wp-content\/uploads\/2022\/02\/pueblos-medievales-1024x683.jpeg\",\"contentUrl\":\"https:\/\/hotelcastellemporda.com\/wp-content\/uploads\/2022\/02\/pueblos-medievales-1024x683.jpeg\"},{\"@type\":\"BreadcrumbList\",\"@id\":\"https:\/\/hotelcastellemporda.com\/fr\/environs\/villages-medievaux-et-dali\/#breadcrumb\",\"itemListElement\":[{\"@type\":\"ListItem\",\"position\":1,\"name\":\"Home\",\"item\":\"https:\/\/hotelcastellemporda.com\/fr\/\"},{\"@type\":\"ListItem\",\"position\":2,\"name\":\"Environs\",\"item\":\"https:\/\/hotelcastellemporda.com\/fr\/alrededores\/\"},{\"@type\":\"ListItem\",\"position\":3,\"name\":\"Villages Medievaux et Dali\"}]},{\"@type\":\"WebSite\",\"@id\":\"https:\/\/hotelcastellemporda.com\/fr\/#website\",\"url\":\"https:\/\/hotelcastellemporda.com\/fr\/\",\"name\":\"Hotel Castell DEmporda\",\"description\":\"Hotel Castell DEmporda\",\"publisher\":{\"@id\":\"https:\/\/hotelcastellemporda.com\/fr\/#organization\"},\"potentialAction\":[{\"@type\":\"SearchAction\",\"target\":{\"@type\":\"EntryPoint\",\"urlTemplate\":\"https:\/\/hotelcastellemporda.com\/fr\/?s={search_term_string}\"},\"query-input\":{\"@type\":\"PropertyValueSpecification\",\"valueRequired\":true,\"valueName\":\"search_term_string\"}}],\"inLanguage\":\"fr-FR\"},{\"@type\":\"Organization\",\"@id\":\"https:\/\/hotelcastellemporda.com\/fr\/#organization\",\"name\":\"Hotel Castell DEmporda\",\"url\":\"https:\/\/hotelcastellemporda.com\/fr\/\",\"logo\":{\"@type\":\"ImageObject\",\"inLanguage\":\"fr-FR\",\"@id\":\"https:\/\/hotelcastellemporda.com\/fr\/#\/schema\/logo\/image\/\",\"url\":\"https:\/\/hotelcastellemporda.com\/wp-content\/uploads\/2022\/01\/logo-castell-demporda.png\",\"contentUrl\":\"https:\/\/hotelcastellemporda.com\/wp-content\/uploads\/2022\/01\/logo-castell-demporda.png\",\"width\":130,\"height\":97,\"caption\":\"Hotel Castell DEmporda\"},\"image\":{\"@id\":\"https:\/\/hotelcastellemporda.com\/fr\/#\/schema\/logo\/image\/\"}}]}<\/script>\n<!-- \/ Yoast SEO plugin. -->","yoast_head_json":{"title":"Villages Medievaux et Dali - Hotel Castell DEmporda","description":"The Costa Brava is the birthplace region of Salvador Da.Li. Here you will find the Da.Li Triangle: P\u00f9bol, Portlligat and Figueres. Read more.","robots":{"index":"index","follow":"follow","max-snippet":"max-snippet:-1","max-image-preview":"max-image-preview:large","max-video-preview":"max-video-preview:-1"},"canonical":"https:\/\/hotelcastellemporda.com\/fr\/environs\/villages-medievaux-et-dali\/","og_locale":"fr_FR","og_type":"article","og_title":"Villages Medievaux et Dali - Hotel Castell DEmporda","og_description":"The Costa Brava is the birthplace region of Salvador Da.Li. Here you will find the Da.Li Triangle: P\u00f9bol, Portlligat and Figueres. Read more.","og_url":"https:\/\/hotelcastellemporda.com\/fr\/environs\/villages-medievaux-et-dali\/","og_site_name":"Hotel Castell DEmporda","article_modified_time":"2022-06-05T09:10:32+00:00","og_image":[{"url":"https:\/\/hotelcastellemporda.com\/wp-content\/uploads\/2022\/02\/pueblos-medievales-1024x683.jpeg","type":"","width":"","height":""}],"twitter_card":"summary_large_image","twitter_misc":{"Dur\u00e9e de lecture estim\u00e9e":"2 minutes"},"schema":{"@context":"https:\/\/schema.org","@graph":[{"@type":"WebPage","@id":"https:\/\/hotelcastellemporda.com\/fr\/environs\/villages-medievaux-et-dali\/","url":"https:\/\/hotelcastellemporda.com\/fr\/environs\/villages-medievaux-et-dali\/","name":"Villages Medievaux et Dali - Hotel Castell DEmporda","isPartOf":{"@id":"https:\/\/hotelcastellemporda.com\/fr\/#website"},"primaryImageOfPage":{"@id":"https:\/\/hotelcastellemporda.com\/fr\/environs\/villages-medievaux-et-dali\/#primaryimage"},"image":{"@id":"https:\/\/hotelcastellemporda.com\/fr\/environs\/villages-medievaux-et-dali\/#primaryimage"},"thumbnailUrl":"https:\/\/hotelcastellemporda.com\/wp-content\/uploads\/2022\/02\/pueblos-medievales-1024x683.jpeg","datePublished":"2022-02-24T16:00:02+00:00","dateModified":"2022-06-05T09:10:32+00:00","description":"The Costa Brava is the birthplace region of Salvador Da.Li. Here you will find the Da.Li Triangle: P\u00f9bol, Portlligat and Figueres. Read more.","breadcrumb":{"@id":"https:\/\/hotelcastellemporda.com\/fr\/environs\/villages-medievaux-et-dali\/#breadcrumb"},"inLanguage":"fr-FR","potentialAction":[{"@type":"ReadAction","target":["https:\/\/hotelcastellemporda.com\/fr\/environs\/villages-medievaux-et-dali\/"]}]},{"@type":"ImageObject","inLanguage":"fr-FR","@id":"https:\/\/hotelcastellemporda.com\/fr\/environs\/villages-medievaux-et-dali\/#primaryimage","url":"https:\/\/hotelcastellemporda.com\/wp-content\/uploads\/2022\/02\/pueblos-medievales-1024x683.jpeg","contentUrl":"https:\/\/hotelcastellemporda.com\/wp-content\/uploads\/2022\/02\/pueblos-medievales-1024x683.jpeg"},{"@type":"BreadcrumbList","@id":"https:\/\/hotelcastellemporda.com\/fr\/environs\/villages-medievaux-et-dali\/#breadcrumb","itemListElement":[{"@type":"ListItem","position":1,"name":"Home","item":"https:\/\/hotelcastellemporda.com\/fr\/"},{"@type":"ListItem","position":2,"name":"Environs","item":"https:\/\/hotelcastellemporda.com\/fr\/alrededores\/"},{"@type":"ListItem","position":3,"name":"Villages Medievaux et Dali"}]},{"@type":"WebSite","@id":"https:\/\/hotelcastellemporda.com\/fr\/#website","url":"https:\/\/hotelcastellemporda.com\/fr\/","name":"Hotel Castell DEmporda","description":"Hotel Castell DEmporda","publisher":{"@id":"https:\/\/hotelcastellemporda.com\/fr\/#organization"},"potentialAction":[{"@type":"SearchAction","target":{"@type":"EntryPoint","urlTemplate":"https:\/\/hotelcastellemporda.com\/fr\/?s={search_term_string}"},"query-input":{"@type":"PropertyValueSpecification","valueRequired":true,"valueName":"search_term_string"}}],"inLanguage":"fr-FR"},{"@type":"Organization","@id":"https:\/\/hotelcastellemporda.com\/fr\/#organization","name":"Hotel Castell DEmporda","url":"https:\/\/hotelcastellemporda.com\/fr\/","logo":{"@type":"ImageObject","inLanguage":"fr-FR","@id":"https:\/\/hotelcastellemporda.com\/fr\/#\/schema\/logo\/image\/","url":"https:\/\/hotelcastellemporda.com\/wp-content\/uploads\/2022\/01\/logo-castell-demporda.png","contentUrl":"https:\/\/hotelcastellemporda.com\/wp-content\/uploads\/2022\/01\/logo-castell-demporda.png","width":130,"height":97,"caption":"Hotel Castell DEmporda"},"image":{"@id":"https:\/\/hotelcastellemporda.com\/fr\/#\/schema\/logo\/image\/"}}]}},"_links":{"self":[{"href":"https:\/\/hotelcastellemporda.com\/fr\/wp-json\/wp\/v2\/pages\/7363","targetHints":{"allow":["GET"]}}],"collection":[{"href":"https:\/\/hotelcastellemporda.com\/fr\/wp-json\/wp\/v2\/pages"}],"about":[{"href":"https:\/\/hotelcastellemporda.com\/fr\/wp-json\/wp\/v2\/types\/page"}],"author":[{"embeddable":true,"href":"https:\/\/hotelcastellemporda.com\/fr\/wp-json\/wp\/v2\/users\/22"}],"replies":[{"embeddable":true,"href":"https:\/\/hotelcastellemporda.com\/fr\/wp-json\/wp\/v2\/comments?post=7363"}],"version-history":[{"count":0,"href":"https:\/\/hotelcastellemporda.com\/fr\/wp-json\/wp\/v2\/pages\/7363\/revisions"}],"up":[{"embeddable":true,"href":"https:\/\/hotelcastellemporda.com\/fr\/wp-json\/wp\/v2\/pages\/7316"}],"wp:attachment":[{"href":"https:\/\/hotelcastellemporda.com\/fr\/wp-json\/wp\/v2\/media?parent=7363"}],"curies":[{"name":"wp","href":"https:\/\/api.w.org\/{rel}","templated":true}]}}