{"id":7374,"date":"2022-02-24T16:01:50","date_gmt":"2022-02-24T16:01:50","guid":{"rendered":"https:\/\/hotelcastellemporda.com\/alrededores\/triangulo-de-dali-y-pueblos-medievales\/"},"modified":"2022-06-05T09:10:19","modified_gmt":"2022-06-05T09:10:19","slug":"medieval-villages-en-dali","status":"publish","type":"page","link":"https:\/\/hotelcastellemporda.com\/nl\/omgeving\/medieval-villages-en-dali\/","title":{"rendered":"Medieval Villages en Dali Triangle"},"content":{"rendered":"\t\t<div data-elementor-type=\"wp-page\" data-elementor-id=\"7374\" class=\"elementor elementor-7374 elementor-7008\" data-elementor-post-type=\"page\">\n\t\t\t\t\t\t<section data-particle_enable=\"false\" data-particle-mobile-disabled=\"false\" class=\"elementor-section elementor-top-section elementor-element elementor-element-49f42bd3 elementor-section-height-min-height elementor-section-items-top ohm-templ-hero-image-slider elementor-section-boxed elementor-section-height-default\" data-id=\"49f42bd3\" data-element_type=\"section\" data-settings=\"{&quot;background_background&quot;:&quot;classic&quot;}\">\n\t\t\t\t\t\t\t<div class=\"elementor-background-overlay\"><\/div>\n\t\t\t\t\t\t\t<div class=\"elementor-container elementor-column-gap-default\">\n\t\t\t\t\t<div class=\"elementor-column elementor-col-100 elementor-top-column elementor-element elementor-element-159d7508\" data-id=\"159d7508\" data-element_type=\"column\">\n\t\t\t<div class=\"elementor-widget-wrap\">\n\t\t\t\t\t\t\t<\/div>\n\t\t<\/div>\n\t\t\t\t\t<\/div>\n\t\t<\/section>\n\t\t\t\t<section data-particle_enable=\"false\" data-particle-mobile-disabled=\"false\" class=\"elementor-section elementor-top-section elementor-element elementor-element-1aa82043 elementor-section-full_width ohm-templ-intro-section ohm-templ-intro-section-with-btns elementor-section-height-default elementor-section-height-default elementor-invisible\" data-id=\"1aa82043\" data-element_type=\"section\" data-settings=\"{&quot;animation&quot;:&quot;fadeIn&quot;,&quot;background_background&quot;:&quot;classic&quot;}\">\n\t\t\t\t\t\t<div class=\"elementor-container elementor-column-gap-default\">\n\t\t\t\t\t<div class=\"elementor-column elementor-col-100 elementor-top-column elementor-element elementor-element-495b6c3c\" data-id=\"495b6c3c\" data-element_type=\"column\">\n\t\t\t<div class=\"elementor-widget-wrap elementor-element-populated\">\n\t\t\t\t\t\t<section data-particle_enable=\"false\" data-particle-mobile-disabled=\"false\" class=\"elementor-section elementor-inner-section elementor-element elementor-element-54ef5fd6 elementor-section-boxed elementor-section-height-default elementor-section-height-default elementor-invisible\" data-id=\"54ef5fd6\" data-element_type=\"section\" data-settings=\"{&quot;animation&quot;:&quot;fadeIn&quot;,&quot;animation_delay&quot;:0.5}\">\n\t\t\t\t\t\t<div class=\"elementor-container elementor-column-gap-default\">\n\t\t\t\t\t<div class=\"elementor-column elementor-col-100 elementor-inner-column elementor-element elementor-element-61d35620\" data-id=\"61d35620\" data-element_type=\"column\">\n\t\t\t<div class=\"elementor-widget-wrap elementor-element-populated\">\n\t\t\t\t\t\t<div class=\"elementor-element elementor-element-1cdbfb53 ohm-heading elementor-widget elementor-widget-heading\" data-id=\"1cdbfb53\" data-element_type=\"widget\" data-widget_type=\"heading.default\">\n\t\t\t\t<div class=\"elementor-widget-container\">\n\t\t\t<h1 class=\"elementor-heading-title elementor-size-default\">De Dali-driehoek<\/h1>\t\t<\/div>\n\t\t\t\t<\/div>\n\t\t\t\t<div class=\"elementor-element elementor-element-53fbc216 ohm-text elementor-widget elementor-widget-text-editor\" data-id=\"53fbc216\" data-element_type=\"widget\" data-widget_type=\"text-editor.default\">\n\t\t\t\t<div class=\"elementor-widget-container\">\n\t\t\t\t\t\t\t<p><span data-sheets-value=\"{&quot;1&quot;:2,&quot;2&quot;:&quot;De Ampurd\u00e0n oftewel Empord\u00e0 staat ook bekend als de gouden driehoek van Dal\u00ed, omdat zich hier drie van de belangrijkste vestigingsplaatsen van het surrealistische genie bevinden. In de nabije omgeving van Castell d\u2019Empord\u00e0 kunt u een museum, een kasteel en een huis van de beroemde kunstenaar bezoeken.\\n\\n1. Teatro Museu Dal\u00ed Figueras: hier is in alles de hand van de meester zichtbaar, tot de geheel in Dal\u00ed-stijl gedecoreerde bijgebouwen met hun gigantische eieren aan toe.\\n\\n2. Casa Museu Castell Gala P\u00fabol: het kasteel dat Dal\u00ed voor zijn vrouw Gala kocht, ademt nog altijd tot in elk detail de geest van de eigenaar.\\n\\n3. Casa Museu Salvador Dal\u00ed Cadaqu\u00e9s: dit fascinerende huis waar Dal\u00ed en zijn Gala woonden, zit vol met opgezette dieren, kitsche decoraties en tal van verrassingen.&quot;}\" data-sheets-userformat=\"{&quot;2&quot;:961,&quot;3&quot;:{&quot;1&quot;:0},&quot;9&quot;:0,&quot;10&quot;:1,&quot;11&quot;:4,&quot;12&quot;:0}\">De Ampurd\u00e0n oftewel Empord\u00e0 staat ook bekend als de gouden driehoek van Dal\u00ed, omdat zich hier drie van de belangrijkste vestigingsplaatsen van het surrealistische genie bevinden. In de nabije omgeving van Castell d\u2019Empord\u00e0 kunt u een museum, een kasteel en een huis van de beroemde kunstenaar bezoeken.<\/span><\/p>\n<p><strong>1. Teatro Museu Dal\u00ed Figueras<\/strong><br \/>\n<span data-sheets-value=\"{&quot;1&quot;:2,&quot;2&quot;:&quot;De Ampurd\u00e0n oftewel Empord\u00e0 staat ook bekend als de gouden driehoek van Dal\u00ed, omdat zich hier drie van de belangrijkste vestigingsplaatsen van het surrealistische genie bevinden. In de nabije omgeving van Castell d\u2019Empord\u00e0 kunt u een museum, een kasteel en een huis van de beroemde kunstenaar bezoeken.\\n\\n1. Teatro Museu Dal\u00ed Figueras: hier is in alles de hand van de meester zichtbaar, tot de geheel in Dal\u00ed-stijl gedecoreerde bijgebouwen met hun gigantische eieren aan toe.\\n\\n2. Casa Museu Castell Gala P\u00fabol: het kasteel dat Dal\u00ed voor zijn vrouw Gala kocht, ademt nog altijd tot in elk detail de geest van de eigenaar.\\n\\n3. Casa Museu Salvador Dal\u00ed Cadaqu\u00e9s: dit fascinerende huis waar Dal\u00ed en zijn Gala woonden, zit vol met opgezette dieren, kitsche decoraties en tal van verrassingen.&quot;}\" data-sheets-userformat=\"{&quot;2&quot;:961,&quot;3&quot;:{&quot;1&quot;:0},&quot;9&quot;:0,&quot;10&quot;:1,&quot;11&quot;:4,&quot;12&quot;:0}\">Hier is in alles de hand van de meester zichtbaar, tot de geheel in Dal\u00ed-stijl gedecoreerde bijgebouwen met hun gigantische eieren aan toe.<\/span><\/p>\n<p><strong>2. Casa Museu Castell Gala P\u00fabol<\/strong><br \/>\nHet kasteel dat Dal\u00ed voor zijn vrouw Gala kocht, ademt nog altijd tot in elk detail de geest van de eigenaar.<\/p>\n<p><strong>3. Casa Museu Salvador Dal\u00ed Cadaqu\u00e9s<\/strong><br \/>\nDit fascinerende huis waar Dal\u00ed en zijn Gala woonden, zit vol met opgezette dieren, kitsche decoraties en tal van verrassingen.<\/p>\n\t\t\t\t\t\t<\/div>\n\t\t\t\t<\/div>\n\t\t\t\t\t<\/div>\n\t\t<\/div>\n\t\t\t\t\t<\/div>\n\t\t<\/section>\n\t\t\t\t\t<\/div>\n\t\t<\/div>\n\t\t\t\t\t<\/div>\n\t\t<\/section>\n\t\t\t\t<section data-particle_enable=\"false\" data-particle-mobile-disabled=\"false\" class=\"elementor-section elementor-top-section elementor-element elementor-element-2ccd6eae elementor-section-full_width ohm-rooms-beneath-each-other-wrapper ohm-templ-blocks-beneath-each-other-alternating elementor-section-height-default elementor-section-height-default\" data-id=\"2ccd6eae\" data-element_type=\"section\">\n\t\t\t\t\t\t<div class=\"elementor-container elementor-column-gap-default\">\n\t\t\t\t\t<div class=\"elementor-column elementor-col-100 elementor-top-column elementor-element elementor-element-769c4b29\" data-id=\"769c4b29\" data-element_type=\"column\">\n\t\t\t<div class=\"elementor-widget-wrap elementor-element-populated\">\n\t\t\t\t\t\t<section data-particle_enable=\"false\" data-particle-mobile-disabled=\"false\" class=\"elementor-section elementor-inner-section elementor-element elementor-element-5e3429fb ohm-rooms-card ohm-dragon-line-width-dragon elementor-section-full_width elementor-section-height-default elementor-section-height-default elementor-invisible\" data-id=\"5e3429fb\" data-element_type=\"section\" data-settings=\"{&quot;animation&quot;:&quot;fadeIn&quot;}\">\n\t\t\t\t\t\t<div class=\"elementor-container elementor-column-gap-default\">\n\t\t\t\t\t<div class=\"elementor-column elementor-col-50 elementor-inner-column elementor-element elementor-element-ba439c9 ohm-rooms-lighbox-single-img\" data-id=\"ba439c9\" data-element_type=\"column\">\n\t\t\t<div class=\"elementor-widget-wrap elementor-element-populated\">\n\t\t\t\t\t\t<div class=\"elementor-element elementor-element-78cc03f4 ohm-rooms-image-slider   elementor-pagination-position-inside elementor-arrows-position-inside elementor-widget elementor-widget-image-carousel\" data-id=\"78cc03f4\" data-element_type=\"widget\" data-settings=\"{&quot;slides_to_show&quot;:&quot;1&quot;,&quot;autoplay&quot;:&quot;no&quot;,&quot;navigation&quot;:&quot;both&quot;,&quot;infinite&quot;:&quot;yes&quot;,&quot;effect&quot;:&quot;slide&quot;,&quot;speed&quot;:500}\" data-widget_type=\"image-carousel.default\">\n\t\t\t\t<div class=\"elementor-widget-container\">\n\t\t\t\t\t<div class=\"elementor-image-carousel-wrapper swiper\" dir=\"ltr\">\n\t\t\t<div class=\"elementor-image-carousel swiper-wrapper swiper-image-stretch\" aria-live=\"polite\">\n\t\t\t\t\t\t\t\t<div class=\"swiper-slide\" role=\"group\" aria-roledescription=\"slide\" aria-label=\"1 van 1\"><a data-elementor-open-lightbox=\"yes\" data-elementor-lightbox-slideshow=\"78cc03f4\" data-elementor-lightbox-title=\"pueblos-medievales\" data-e-action-hash=\"#elementor-action%3Aaction%3Dlightbox%26settings%3DeyJpZCI6NzAyNSwidXJsIjoiaHR0cHM6XC9cL2hvdGVsY2FzdGVsbGVtcG9yZGEuY29tXC93cC1jb250ZW50XC91cGxvYWRzXC8yMDIyXC8wMlwvcHVlYmxvcy1tZWRpZXZhbGVzLmpwZWciLCJzbGlkZXNob3ciOiI3OGNjMDNmNCJ9\" href=\"https:\/\/hotelcastellemporda.com\/wp-content\/uploads\/2022\/02\/pueblos-medievales.jpeg\"><figure class=\"swiper-slide-inner\"><img decoding=\"async\" class=\"swiper-slide-image\" src=\"https:\/\/hotelcastellemporda.com\/wp-content\/uploads\/2022\/02\/pueblos-medievales-1024x683.jpeg\" alt=\"pueblos-medievales\" \/><\/figure><\/a><\/div>\t\t\t<\/div>\n\t\t\t\t\t<\/div>\n\t\t\t\t<\/div>\n\t\t\t\t<\/div>\n\t\t\t\t\t<\/div>\n\t\t<\/div>\n\t\t\t\t<div class=\"elementor-column elementor-col-50 elementor-inner-column elementor-element elementor-element-315ff7f5 ohm-description-col\" data-id=\"315ff7f5\" data-element_type=\"column\">\n\t\t\t<div class=\"elementor-widget-wrap elementor-element-populated\">\n\t\t\t\t\t\t<div class=\"elementor-element elementor-element-ce6d542 ohm-heading elementor-widget elementor-widget-heading\" data-id=\"ce6d542\" data-element_type=\"widget\" data-widget_type=\"heading.default\">\n\t\t\t\t<div class=\"elementor-widget-container\">\n\t\t\t<h3 class=\"elementor-heading-title elementor-size-default\">Medieval Villages<\/h3>\t\t<\/div>\n\t\t\t\t<\/div>\n\t\t\t\t<div class=\"elementor-element elementor-element-733c8f4a ohm-text elementor-widget elementor-widget-text-editor\" data-id=\"733c8f4a\" data-element_type=\"widget\" data-widget_type=\"text-editor.default\">\n\t\t\t\t<div class=\"elementor-widget-container\">\n\t\t\t\t\t\t\t<p><span data-sheets-value=\"{&quot;1&quot;:2,&quot;2&quot;:&quot;De middeleeuwen zijn van grote importantie geweest voor Girona en omgeving. In die tijd zijn grote kloosters gesticht, ontstonden kleine graafschappen en zijn de stadjes, kastelen en kerken gebouwd die ons vandaag de dag nog aan deze rijke geschiedenis herinneren. Het oude gedeelte van La Bisbal is daar een sprekend voorbeeld van. La Bisbal is als stad om een centraal gelegen kasteel heen gebouwd en kenmerkt zich door huizen met galerijen, een prachtig stadsplein en een oud ghetto.\\n\\nEen dagje La Bisbal laat zich uitstekend combineren met een bezoek aan de drie nabijgelegen dorpen Monells, Cru\u00eflles en Cor\u00e7\u00e0. Het door galerijen omgeven plein van Monell is een belangrijke bezienswaardigheid. Andere monumentale plaatsen langs dezelfde route zijn Madremanya en Sant Mart\u00ed Vell met zijn opvallende laatgotische torenspits.&quot;}\" data-sheets-userformat=\"{&quot;2&quot;:897,&quot;3&quot;:{&quot;1&quot;:0},&quot;10&quot;:1,&quot;11&quot;:4,&quot;12&quot;:0}\">De middeleeuwen zijn van grote importantie geweest voor Girona en omgeving. In die tijd zijn grote kloosters gesticht, ontstonden kleine graafschappen en zijn de stadjes, kastelen en kerken gebouwd die ons vandaag de dag nog aan deze rijke geschiedenis herinneren. Het oude gedeelte van La Bisbal is daar een sprekend voorbeeld van. La Bisbal is als stad om een centraal gelegen kasteel heen gebouwd en kenmerkt zich door huizen met galerijen, een prachtig stadsplein en een oud ghetto.<\/span><\/p>\n<p>Een dagje La Bisbal laat zich uitstekend combineren met een bezoek aan de drie nabijgelegen dorpen Monells, Cru\u00eflles en Cor\u00e7\u00e0. Het door galerijen omgeven plein van Monell is een belangrijke bezienswaardigheid. Andere monumentale plaatsen langs dezelfde route zijn Madremanya en Sant Mart\u00ed Vell met zijn opvallende laatgotische torenspits.<\/p>\n\t\t\t\t\t\t<\/div>\n\t\t\t\t<\/div>\n\t\t\t\t\t<\/div>\n\t\t<\/div>\n\t\t\t\t\t<\/div>\n\t\t<\/section>\n\t\t\t\t\t<\/div>\n\t\t<\/div>\n\t\t\t\t\t<\/div>\n\t\t<\/section>\n\t\t\t\t<section data-particle_enable=\"false\" data-particle-mobile-disabled=\"false\" class=\"elementor-section elementor-top-section elementor-element elementor-element-563f745 elementor-section-full_width ohm-heading-signature-wrapper elementor-section-height-default elementor-section-height-default\" data-id=\"563f745\" data-element_type=\"section\">\n\t\t\t\t\t\t<div class=\"elementor-container elementor-column-gap-default\">\n\t\t\t\t\t<div class=\"elementor-column elementor-col-100 elementor-top-column elementor-element elementor-element-943c697\" data-id=\"943c697\" data-element_type=\"column\">\n\t\t\t<div class=\"elementor-widget-wrap elementor-element-populated\">\n\t\t\t\t\t\t<section data-particle_enable=\"false\" data-particle-mobile-disabled=\"false\" class=\"elementor-section elementor-inner-section elementor-element elementor-element-3946cdf elementor-section-boxed elementor-section-height-default elementor-section-height-default\" data-id=\"3946cdf\" data-element_type=\"section\">\n\t\t\t\t\t\t<div class=\"elementor-container elementor-column-gap-default\">\n\t\t\t\t\t<div class=\"elementor-column elementor-col-100 elementor-inner-column elementor-element elementor-element-5dd397e\" data-id=\"5dd397e\" data-element_type=\"column\">\n\t\t\t<div class=\"elementor-widget-wrap elementor-element-populated\">\n\t\t\t\t\t\t<div class=\"elementor-element elementor-element-517cd0c ohm-heading elementor-widget elementor-widget-heading\" data-id=\"517cd0c\" data-element_type=\"widget\" data-widget_type=\"heading.default\">\n\t\t\t\t<div class=\"elementor-widget-container\">\n\t\t\t<h2 class=\"elementor-heading-title elementor-size-default\">Bekijk andere must-sees<\/h2>\t\t<\/div>\n\t\t\t\t<\/div>\n\t\t\t\t\t<\/div>\n\t\t<\/div>\n\t\t\t\t\t<\/div>\n\t\t<\/section>\n\t\t\t\t\t<\/div>\n\t\t<\/div>\n\t\t\t\t\t<\/div>\n\t\t<\/section>\n\t\t\t\t<section data-particle_enable=\"false\" data-particle-mobile-disabled=\"false\" class=\"elementor-section elementor-top-section elementor-element elementor-element-705c5987 elementor-section-full_width ohm-templ-slider-gallery ohm-templ-slider-gallery-square elementor-section-height-default elementor-section-height-default\" data-id=\"705c5987\" data-element_type=\"section\">\n\t\t\t\t\t\t<div class=\"elementor-container elementor-column-gap-default\">\n\t\t\t\t\t<div class=\"elementor-column elementor-col-100 elementor-top-column elementor-element elementor-element-6d3cd710\" data-id=\"6d3cd710\" data-element_type=\"column\">\n\t\t\t<div class=\"elementor-widget-wrap elementor-element-populated\">\n\t\t\t\t\t\t<section data-particle_enable=\"false\" data-particle-mobile-disabled=\"false\" class=\"elementor-section elementor-inner-section elementor-element elementor-element-65915928 elementor-section-boxed elementor-section-height-default elementor-section-height-default\" data-id=\"65915928\" data-element_type=\"section\">\n\t\t\t\t\t\t<div class=\"elementor-container elementor-column-gap-default\">\n\t\t\t\t\t<div class=\"elementor-column elementor-col-100 elementor-inner-column elementor-element elementor-element-6b7f80f8\" data-id=\"6b7f80f8\" data-element_type=\"column\">\n\t\t\t<div class=\"elementor-widget-wrap elementor-element-populated\">\n\t\t\t\t\t\t<div class=\"elementor-element elementor-element-50680ba2 elementor--h-position-left elementor--v-position-bottom elementor-arrows-position-inside elementor-widget elementor-widget-slides\" data-id=\"50680ba2\" data-element_type=\"widget\" data-settings=\"{&quot;navigation&quot;:&quot;arrows&quot;,&quot;infinite&quot;:&quot;yes&quot;,&quot;transition&quot;:&quot;slide&quot;,&quot;transition_speed&quot;:500}\" data-widget_type=\"slides.default\">\n\t\t\t\t<div class=\"elementor-widget-container\">\n\t\t\t\t\t<div class=\"elementor-swiper\">\n\t\t\t<div class=\"elementor-slides-wrapper elementor-main-swiper swiper\" dir=\"ltr\" data-animation=\"fadeInUp\">\n\t\t\t\t<div class=\"swiper-wrapper elementor-slides\">\n\t\t\t\t\t\t\t\t\t\t<div class=\"elementor-repeater-item-a48fe77 swiper-slide\"><div class=\"swiper-slide-bg\" role=\"img\"><\/div><div class=\"swiper-slide-inner\" ><div class=\"swiper-slide-contents\"><div class=\"elementor-slide-description\"><p>Barcelona<\/p>\n<\/div><\/div><\/div><\/div><div class=\"elementor-repeater-item-1c0c1d7 swiper-slide\"><div class=\"swiper-slide-bg\" role=\"img\"><\/div><div class=\"swiper-slide-inner\" ><div class=\"swiper-slide-contents\"><div class=\"elementor-slide-description\"><p>Girona<\/p>\n<\/div><\/div><\/div><\/div><div class=\"elementor-repeater-item-8c51aba swiper-slide\"><div class=\"swiper-slide-bg\" role=\"img\"><\/div><div class=\"swiper-slide-inner\" ><div class=\"swiper-slide-contents\"><div class=\"elementor-slide-description\"><p><span data-sheets-value=\"{&quot;1&quot;:2,&quot;2&quot;:&quot;De stranden aan de Costa Brava&quot;}\" data-sheets-userformat=\"{&quot;2&quot;:963,&quot;3&quot;:{&quot;1&quot;:0},&quot;4&quot;:{&quot;1&quot;:3,&quot;3&quot;:2},&quot;9&quot;:0,&quot;10&quot;:1,&quot;11&quot;:4,&quot;12&quot;:0}\">De stranden aan de Costa Brava<\/span><\/p>\n<\/div><\/div><\/div><\/div>\t\t\t\t<\/div>\n\t\t\t\t\t\t\t\t\t\t\t\t\t\t\t\t\t\t\t\t<div class=\"elementor-swiper-button elementor-swiper-button-prev\" role=\"button\" tabindex=\"0\">\n\t\t\t\t\t\t\t<i aria-hidden=\"true\" class=\"eicon-chevron-left\"><\/i>\t\t\t\t\t\t\t<span class=\"elementor-screen-only\">Vorige slide<\/span>\n\t\t\t\t\t\t<\/div>\n\t\t\t\t\t\t<div class=\"elementor-swiper-button elementor-swiper-button-next\" role=\"button\" tabindex=\"0\">\n\t\t\t\t\t\t\t<i aria-hidden=\"true\" class=\"eicon-chevron-right\"><\/i>\t\t\t\t\t\t\t<span class=\"elementor-screen-only\">Volgende slide<\/span>\n\t\t\t\t\t\t<\/div>\n\t\t\t\t\t\t\t\t\t\t\t\t<\/div>\n\t\t<\/div>\n\t\t\t\t<\/div>\n\t\t\t\t<\/div>\n\t\t\t\t\t<\/div>\n\t\t<\/div>\n\t\t\t\t\t<\/div>\n\t\t<\/section>\n\t\t\t\t\t<\/div>\n\t\t<\/div>\n\t\t\t\t\t<\/div>\n\t\t<\/section>\n\t\t\t\t<\/div>\n\t\t","protected":false},"excerpt":{"rendered":"<p>De Dali-driehoek De Ampurd\u00e0n oftewel Empord\u00e0 staat ook bekend als de gouden driehoek van Da.Li, omdat zich hier drie van de belangrijkste vestigingsplaatsen van het surrealistische genie bevinden. In de nabije omgeving van Castell d\u2019Empord\u00e0 kunt u een museum, een kasteel en een huis van de beroemde kunstenaar bezoeken. 1. Teatro Museu Da.Li Figueras Hier [&hellip;]<\/p>\n","protected":false},"author":22,"featured_media":0,"parent":7287,"menu_order":0,"comment_status":"closed","ping_status":"closed","template":"","meta":{"_acf_changed":false,"footnotes":""},"class_list":["post-7374","page","type-page","status-publish","hentry"],"acf":[],"yoast_head":"<!-- This site is optimized with the Yoast SEO plugin v25.3.1 - https:\/\/yoast.com\/wordpress\/plugins\/seo\/ -->\n<title>Medieval Villages en Dali Triangle - Hotel Castell DEmporda<\/title>\n<meta name=\"description\" content=\"De Costa Brava is de Geboortegrond van Salvador Da.Li. Hier vind u de Da.Li-driehoek: P\u00f9bol, Portlligat en Figueres. Lees meer.\" \/>\n<meta name=\"robots\" content=\"index, follow, max-snippet:-1, max-image-preview:large, max-video-preview:-1\" \/>\n<link rel=\"canonical\" href=\"https:\/\/hotelcastellemporda.com\/nl\/omgeving\/medieval-villages-en-dali\/\" \/>\n<meta property=\"og:locale\" content=\"nl_NL\" \/>\n<meta property=\"og:type\" content=\"article\" \/>\n<meta property=\"og:title\" content=\"Medieval Villages en Dali Triangle - Hotel Castell DEmporda\" \/>\n<meta property=\"og:description\" content=\"De Costa Brava is de Geboortegrond van Salvador Da.Li. Hier vind u de Da.Li-driehoek: P\u00f9bol, Portlligat en Figueres. Lees meer.\" \/>\n<meta property=\"og:url\" content=\"https:\/\/hotelcastellemporda.com\/nl\/omgeving\/medieval-villages-en-dali\/\" \/>\n<meta property=\"og:site_name\" content=\"Hotel Castell DEmporda\" \/>\n<meta property=\"article:modified_time\" content=\"2022-06-05T09:10:19+00:00\" \/>\n<meta property=\"og:image\" content=\"https:\/\/hotelcastellemporda.com\/wp-content\/uploads\/2022\/02\/pueblos-medievales-1024x683.jpeg\" \/>\n<meta name=\"twitter:card\" content=\"summary_large_image\" \/>\n<meta name=\"twitter:label1\" content=\"Geschatte leestijd\" \/>\n\t<meta name=\"twitter:data1\" content=\"1 minuut\" \/>\n<script type=\"application\/ld+json\" class=\"yoast-schema-graph\">{\"@context\":\"https:\/\/schema.org\",\"@graph\":[{\"@type\":\"WebPage\",\"@id\":\"https:\/\/hotelcastellemporda.com\/nl\/omgeving\/medieval-villages-en-dali\/\",\"url\":\"https:\/\/hotelcastellemporda.com\/nl\/omgeving\/medieval-villages-en-dali\/\",\"name\":\"Medieval Villages en Dali Triangle - Hotel Castell DEmporda\",\"isPartOf\":{\"@id\":\"https:\/\/hotelcastellemporda.com\/nl\/#website\"},\"primaryImageOfPage\":{\"@id\":\"https:\/\/hotelcastellemporda.com\/nl\/omgeving\/medieval-villages-en-dali\/#primaryimage\"},\"image\":{\"@id\":\"https:\/\/hotelcastellemporda.com\/nl\/omgeving\/medieval-villages-en-dali\/#primaryimage\"},\"thumbnailUrl\":\"https:\/\/hotelcastellemporda.com\/wp-content\/uploads\/2022\/02\/pueblos-medievales-1024x683.jpeg\",\"datePublished\":\"2022-02-24T16:01:50+00:00\",\"dateModified\":\"2022-06-05T09:10:19+00:00\",\"description\":\"De Costa Brava is de Geboortegrond van Salvador Da.Li. Hier vind u de Da.Li-driehoek: P\u00f9bol, Portlligat en Figueres. Lees meer.\",\"breadcrumb\":{\"@id\":\"https:\/\/hotelcastellemporda.com\/nl\/omgeving\/medieval-villages-en-dali\/#breadcrumb\"},\"inLanguage\":\"nl-NL\",\"potentialAction\":[{\"@type\":\"ReadAction\",\"target\":[\"https:\/\/hotelcastellemporda.com\/nl\/omgeving\/medieval-villages-en-dali\/\"]}]},{\"@type\":\"ImageObject\",\"inLanguage\":\"nl-NL\",\"@id\":\"https:\/\/hotelcastellemporda.com\/nl\/omgeving\/medieval-villages-en-dali\/#primaryimage\",\"url\":\"https:\/\/hotelcastellemporda.com\/wp-content\/uploads\/2022\/02\/pueblos-medievales-1024x683.jpeg\",\"contentUrl\":\"https:\/\/hotelcastellemporda.com\/wp-content\/uploads\/2022\/02\/pueblos-medievales-1024x683.jpeg\"},{\"@type\":\"BreadcrumbList\",\"@id\":\"https:\/\/hotelcastellemporda.com\/nl\/omgeving\/medieval-villages-en-dali\/#breadcrumb\",\"itemListElement\":[{\"@type\":\"ListItem\",\"position\":1,\"name\":\"Home\",\"item\":\"https:\/\/hotelcastellemporda.com\/nl\/\"},{\"@type\":\"ListItem\",\"position\":2,\"name\":\"Omgeving\",\"item\":\"https:\/\/hotelcastellemporda.com\/nl\/alrededores\/\"},{\"@type\":\"ListItem\",\"position\":3,\"name\":\"Medieval Villages en Dali Triangle\"}]},{\"@type\":\"WebSite\",\"@id\":\"https:\/\/hotelcastellemporda.com\/nl\/#website\",\"url\":\"https:\/\/hotelcastellemporda.com\/nl\/\",\"name\":\"Hotel Castell DEmporda\",\"description\":\"Hotel Castell DEmporda\",\"publisher\":{\"@id\":\"https:\/\/hotelcastellemporda.com\/nl\/#organization\"},\"potentialAction\":[{\"@type\":\"SearchAction\",\"target\":{\"@type\":\"EntryPoint\",\"urlTemplate\":\"https:\/\/hotelcastellemporda.com\/nl\/?s={search_term_string}\"},\"query-input\":{\"@type\":\"PropertyValueSpecification\",\"valueRequired\":true,\"valueName\":\"search_term_string\"}}],\"inLanguage\":\"nl-NL\"},{\"@type\":\"Organization\",\"@id\":\"https:\/\/hotelcastellemporda.com\/nl\/#organization\",\"name\":\"Hotel Castell DEmporda\",\"url\":\"https:\/\/hotelcastellemporda.com\/nl\/\",\"logo\":{\"@type\":\"ImageObject\",\"inLanguage\":\"nl-NL\",\"@id\":\"https:\/\/hotelcastellemporda.com\/nl\/#\/schema\/logo\/image\/\",\"url\":\"https:\/\/hotelcastellemporda.com\/wp-content\/uploads\/2022\/01\/logo-castell-demporda.png\",\"contentUrl\":\"https:\/\/hotelcastellemporda.com\/wp-content\/uploads\/2022\/01\/logo-castell-demporda.png\",\"width\":130,\"height\":97,\"caption\":\"Hotel Castell DEmporda\"},\"image\":{\"@id\":\"https:\/\/hotelcastellemporda.com\/nl\/#\/schema\/logo\/image\/\"}}]}<\/script>\n<!-- \/ Yoast SEO plugin. -->","yoast_head_json":{"title":"Medieval Villages en Dali Triangle - Hotel Castell DEmporda","description":"De Costa Brava is de Geboortegrond van Salvador Da.Li. Hier vind u de Da.Li-driehoek: P\u00f9bol, Portlligat en Figueres. Lees meer.","robots":{"index":"index","follow":"follow","max-snippet":"max-snippet:-1","max-image-preview":"max-image-preview:large","max-video-preview":"max-video-preview:-1"},"canonical":"https:\/\/hotelcastellemporda.com\/nl\/omgeving\/medieval-villages-en-dali\/","og_locale":"nl_NL","og_type":"article","og_title":"Medieval Villages en Dali Triangle - Hotel Castell DEmporda","og_description":"De Costa Brava is de Geboortegrond van Salvador Da.Li. Hier vind u de Da.Li-driehoek: P\u00f9bol, Portlligat en Figueres. Lees meer.","og_url":"https:\/\/hotelcastellemporda.com\/nl\/omgeving\/medieval-villages-en-dali\/","og_site_name":"Hotel Castell DEmporda","article_modified_time":"2022-06-05T09:10:19+00:00","og_image":[{"url":"https:\/\/hotelcastellemporda.com\/wp-content\/uploads\/2022\/02\/pueblos-medievales-1024x683.jpeg","type":"","width":"","height":""}],"twitter_card":"summary_large_image","twitter_misc":{"Geschatte leestijd":"1 minuut"},"schema":{"@context":"https:\/\/schema.org","@graph":[{"@type":"WebPage","@id":"https:\/\/hotelcastellemporda.com\/nl\/omgeving\/medieval-villages-en-dali\/","url":"https:\/\/hotelcastellemporda.com\/nl\/omgeving\/medieval-villages-en-dali\/","name":"Medieval Villages en Dali Triangle - Hotel Castell DEmporda","isPartOf":{"@id":"https:\/\/hotelcastellemporda.com\/nl\/#website"},"primaryImageOfPage":{"@id":"https:\/\/hotelcastellemporda.com\/nl\/omgeving\/medieval-villages-en-dali\/#primaryimage"},"image":{"@id":"https:\/\/hotelcastellemporda.com\/nl\/omgeving\/medieval-villages-en-dali\/#primaryimage"},"thumbnailUrl":"https:\/\/hotelcastellemporda.com\/wp-content\/uploads\/2022\/02\/pueblos-medievales-1024x683.jpeg","datePublished":"2022-02-24T16:01:50+00:00","dateModified":"2022-06-05T09:10:19+00:00","description":"De Costa Brava is de Geboortegrond van Salvador Da.Li. Hier vind u de Da.Li-driehoek: P\u00f9bol, Portlligat en Figueres. Lees meer.","breadcrumb":{"@id":"https:\/\/hotelcastellemporda.com\/nl\/omgeving\/medieval-villages-en-dali\/#breadcrumb"},"inLanguage":"nl-NL","potentialAction":[{"@type":"ReadAction","target":["https:\/\/hotelcastellemporda.com\/nl\/omgeving\/medieval-villages-en-dali\/"]}]},{"@type":"ImageObject","inLanguage":"nl-NL","@id":"https:\/\/hotelcastellemporda.com\/nl\/omgeving\/medieval-villages-en-dali\/#primaryimage","url":"https:\/\/hotelcastellemporda.com\/wp-content\/uploads\/2022\/02\/pueblos-medievales-1024x683.jpeg","contentUrl":"https:\/\/hotelcastellemporda.com\/wp-content\/uploads\/2022\/02\/pueblos-medievales-1024x683.jpeg"},{"@type":"BreadcrumbList","@id":"https:\/\/hotelcastellemporda.com\/nl\/omgeving\/medieval-villages-en-dali\/#breadcrumb","itemListElement":[{"@type":"ListItem","position":1,"name":"Home","item":"https:\/\/hotelcastellemporda.com\/nl\/"},{"@type":"ListItem","position":2,"name":"Omgeving","item":"https:\/\/hotelcastellemporda.com\/nl\/alrededores\/"},{"@type":"ListItem","position":3,"name":"Medieval Villages en Dali Triangle"}]},{"@type":"WebSite","@id":"https:\/\/hotelcastellemporda.com\/nl\/#website","url":"https:\/\/hotelcastellemporda.com\/nl\/","name":"Hotel Castell DEmporda","description":"Hotel Castell DEmporda","publisher":{"@id":"https:\/\/hotelcastellemporda.com\/nl\/#organization"},"potentialAction":[{"@type":"SearchAction","target":{"@type":"EntryPoint","urlTemplate":"https:\/\/hotelcastellemporda.com\/nl\/?s={search_term_string}"},"query-input":{"@type":"PropertyValueSpecification","valueRequired":true,"valueName":"search_term_string"}}],"inLanguage":"nl-NL"},{"@type":"Organization","@id":"https:\/\/hotelcastellemporda.com\/nl\/#organization","name":"Hotel Castell DEmporda","url":"https:\/\/hotelcastellemporda.com\/nl\/","logo":{"@type":"ImageObject","inLanguage":"nl-NL","@id":"https:\/\/hotelcastellemporda.com\/nl\/#\/schema\/logo\/image\/","url":"https:\/\/hotelcastellemporda.com\/wp-content\/uploads\/2022\/01\/logo-castell-demporda.png","contentUrl":"https:\/\/hotelcastellemporda.com\/wp-content\/uploads\/2022\/01\/logo-castell-demporda.png","width":130,"height":97,"caption":"Hotel Castell DEmporda"},"image":{"@id":"https:\/\/hotelcastellemporda.com\/nl\/#\/schema\/logo\/image\/"}}]}},"_links":{"self":[{"href":"https:\/\/hotelcastellemporda.com\/nl\/wp-json\/wp\/v2\/pages\/7374","targetHints":{"allow":["GET"]}}],"collection":[{"href":"https:\/\/hotelcastellemporda.com\/nl\/wp-json\/wp\/v2\/pages"}],"about":[{"href":"https:\/\/hotelcastellemporda.com\/nl\/wp-json\/wp\/v2\/types\/page"}],"author":[{"embeddable":true,"href":"https:\/\/hotelcastellemporda.com\/nl\/wp-json\/wp\/v2\/users\/22"}],"replies":[{"embeddable":true,"href":"https:\/\/hotelcastellemporda.com\/nl\/wp-json\/wp\/v2\/comments?post=7374"}],"version-history":[{"count":0,"href":"https:\/\/hotelcastellemporda.com\/nl\/wp-json\/wp\/v2\/pages\/7374\/revisions"}],"up":[{"embeddable":true,"href":"https:\/\/hotelcastellemporda.com\/nl\/wp-json\/wp\/v2\/pages\/7287"}],"wp:attachment":[{"href":"https:\/\/hotelcastellemporda.com\/nl\/wp-json\/wp\/v2\/media?parent=7374"}],"curies":[{"name":"wp","href":"https:\/\/api.w.org\/{rel}","templated":true}]}}